{"id":473,"date":"2024-09-19T18:43:01","date_gmt":"2024-09-19T16:43:01","guid":{"rendered":"https:\/\/pab.abconservation.org\/?page_id=473"},"modified":"2025-05-28T07:37:28","modified_gmt":"2025-05-28T05:37:28","slug":"statuts","status":"publish","type":"page","link":"https:\/\/www.abconservation.org\/fr\/statuts\/","title":{"rendered":"STATUTS"},"content":{"rendered":"\t\t<div data-elementor-type=\"wp-page\" data-elementor-id=\"473\" class=\"elementor elementor-473\" data-elementor-post-type=\"page\">\n\t\t\t\t<div class=\"elementor-element elementor-element-425461f0 e-flex e-con-boxed e-con e-parent\" data-id=\"425461f0\" data-element_type=\"container\" data-e-type=\"container\" data-settings=\"{&quot;background_background&quot;:&quot;classic&quot;}\">\n\t\t\t\t\t<div class=\"e-con-inner\">\n\t\t\t\t<div class=\"elementor-element elementor-element-2a33f257 elementor-widget elementor-widget-breadcrumbs\" data-id=\"2a33f257\" data-element_type=\"widget\" data-e-type=\"widget\" data-widget_type=\"breadcrumbs.default\">\n\t\t\t\t\t<p id=\"breadcrumbs\"><span><span><a href=\"https:\/\/www.abconservation.org\/\">ACCUEIL<\/a><\/span><\/span><\/p>\t\t\t\t<\/div>\n\t\t\t\t\t<\/div>\n\t\t\t\t<\/div>\n\t\t<div class=\"elementor-element elementor-element-7a6fa1c1 e-flex e-con-boxed e-con e-parent\" data-id=\"7a6fa1c1\" data-element_type=\"container\" data-e-type=\"container\" data-settings=\"{&quot;background_background&quot;:&quot;classic&quot;}\">\n\t\t\t\t\t<div class=\"e-con-inner\">\n\t\t\t\t<div class=\"elementor-element elementor-element-6a5255d8 elementor-widget elementor-widget-heading\" data-id=\"6a5255d8\" data-element_type=\"widget\" data-e-type=\"widget\" data-widget_type=\"heading.default\">\n\t\t\t\t\t<h1 class=\"elementor-heading-title elementor-size-default\">Les statuts de l'association<br>Arctictis Binturong Conservation<\/h1>\t\t\t\t<\/div>\n\t\t\t\t<div class=\"elementor-element elementor-element-6fd88ada elementor-widget-divider--view-line elementor-widget elementor-widget-divider\" data-id=\"6fd88ada\" data-element_type=\"widget\" data-e-type=\"widget\" data-widget_type=\"divider.default\">\n\t\t\t\t\t\t\t<div class=\"elementor-divider\">\n\t\t\t<span class=\"elementor-divider-separator\">\n\t\t\t\t\t\t<\/span>\n\t\t<\/div>\n\t\t\t\t\t\t<\/div>\n\t\t\t\t<div class=\"elementor-element elementor-element-677bbe46 elementor-widget elementor-widget-text-editor\" data-id=\"677bbe46\" data-element_type=\"widget\" data-e-type=\"widget\" data-widget_type=\"text-editor.default\">\n\t\t\t\t\t\t\t\t\t<p>ABConservation est une organisation \u00e0 but non lucratif r\u00e9gie par le droit fran\u00e7ais. Sa r\u00e9glementation reste en fran\u00e7ais.<\/p><p>\u00a0<\/p>\t\t\t\t\t\t\t\t<\/div>\n\t\t\t\t\t<\/div>\n\t\t\t\t<\/div>\n\t\t<div class=\"elementor-element elementor-element-9951a1c e-flex e-con-boxed e-con e-parent\" data-id=\"9951a1c\" data-element_type=\"container\" data-e-type=\"container\" data-settings=\"{&quot;background_background&quot;:&quot;classic&quot;}\">\n\t\t\t\t\t<div class=\"e-con-inner\">\n\t\t\t\t<div class=\"elementor-element elementor-element-004d938 elementor-widget elementor-widget-heading\" data-id=\"004d938\" data-element_type=\"widget\" data-e-type=\"widget\" data-widget_type=\"heading.default\">\n\t\t\t\t\t<h1 class=\"elementor-heading-title elementor-size-default\">ARTICLE 1 \u2013 NOM<\/h1>\t\t\t\t<\/div>\n\t\t\t\t<div class=\"elementor-element elementor-element-6e9de7e elementor-widget-divider--view-line elementor-widget elementor-widget-divider\" data-id=\"6e9de7e\" data-element_type=\"widget\" data-e-type=\"widget\" data-widget_type=\"divider.default\">\n\t\t\t\t\t\t\t<div class=\"elementor-divider\">\n\t\t\t<span class=\"elementor-divider-separator\">\n\t\t\t\t\t\t<\/span>\n\t\t<\/div>\n\t\t\t\t\t\t<\/div>\n\t\t\t\t<div class=\"elementor-element elementor-element-9cfac7e elementor-widget elementor-widget-text-editor\" data-id=\"9cfac7e\" data-element_type=\"widget\" data-e-type=\"widget\" data-widget_type=\"text-editor.default\">\n\t\t\t\t\t\t\t\t\t<p>Il est fond\u00e9 entre les adh\u00e9rents aux pr\u00e9sents statuts une association r\u00e9gie par la loi du 1er juillet 1901 et le d\u00e9cret du 16 ao\u00fbt 1901, ayant pour titre : Arctictis Binturong Conservation (ABConservation).<\/p>\t\t\t\t\t\t\t\t<\/div>\n\t\t\t\t\t<\/div>\n\t\t\t\t<\/div>\n\t\t<div class=\"elementor-element elementor-element-86af3c9 e-flex e-con-boxed e-con e-parent\" data-id=\"86af3c9\" data-element_type=\"container\" data-e-type=\"container\" data-settings=\"{&quot;background_background&quot;:&quot;classic&quot;}\">\n\t\t\t\t\t<div class=\"e-con-inner\">\n\t\t\t\t<div class=\"elementor-element elementor-element-067d70b elementor-widget elementor-widget-heading\" data-id=\"067d70b\" data-element_type=\"widget\" data-e-type=\"widget\" data-widget_type=\"heading.default\">\n\t\t\t\t\t<h1 class=\"elementor-heading-title elementor-size-default\">ARTICLE 2 \u2013 BUT \/ OBJET<\/h1>\t\t\t\t<\/div>\n\t\t\t\t<div class=\"elementor-element elementor-element-6c9685d elementor-widget-divider--view-line elementor-widget elementor-widget-divider\" data-id=\"6c9685d\" data-element_type=\"widget\" data-e-type=\"widget\" data-widget_type=\"divider.default\">\n\t\t\t\t\t\t\t<div class=\"elementor-divider\">\n\t\t\t<span class=\"elementor-divider-separator\">\n\t\t\t\t\t\t<\/span>\n\t\t<\/div>\n\t\t\t\t\t\t<\/div>\n\t\t\t\t<div class=\"elementor-element elementor-element-a7ed519 elementor-widget elementor-widget-text-editor\" data-id=\"a7ed519\" data-element_type=\"widget\" data-e-type=\"widget\" data-widget_type=\"text-editor.default\">\n\t\t\t\t\t\t\t\t\t<p><span style=\"letter-spacing: 0px;\">Cette association a pour but de :<\/span><\/p><ul><li><span style=\"letter-spacing: 0px;\">Faire conna\u00eetre, transmettre des informations et sensibiliser un large public, en France comme \u00e0 l\u2019international, \u00e0 la pr\u00e9servation du binturong en utilisant tous les moyens de communication possibles :<\/span><\/li><\/ul><p>&#8211; Publications<br \/>&#8211; Conf\u00e9rences<br \/>&#8211; Organisation d\u2019\u00e9v\u00e9nements<br \/>&#8211; D\u00e9veloppement de programmes p\u00e9dagogiques<br \/>&#8211; Autres moyens de communication<\/p><ul><li>Cr\u00e9er et participer \u00e0 des projets de conservation ex-situ et in-situ<\/li><li>Financer des projets de conservation<\/li><li>Soutenir financi\u00e8rement des associations et programmes de conservation<\/li><li>Recruter des volontaires en France et \u00e0 l&rsquo;international<\/li><\/ul>\t\t\t\t\t\t\t\t<\/div>\n\t\t\t\t\t<\/div>\n\t\t\t\t<\/div>\n\t\t<div class=\"elementor-element elementor-element-150da4b e-flex e-con-boxed e-con e-parent\" data-id=\"150da4b\" data-element_type=\"container\" data-e-type=\"container\" data-settings=\"{&quot;background_background&quot;:&quot;classic&quot;}\">\n\t\t\t\t\t<div class=\"e-con-inner\">\n\t\t\t\t<div class=\"elementor-element elementor-element-20991fb elementor-widget elementor-widget-heading\" data-id=\"20991fb\" data-element_type=\"widget\" data-e-type=\"widget\" data-widget_type=\"heading.default\">\n\t\t\t\t\t<h1 class=\"elementor-heading-title elementor-size-default\">ARTICLE 3 \u2013 SIEGE SOCIAL<\/h1>\t\t\t\t<\/div>\n\t\t\t\t<div class=\"elementor-element elementor-element-32805ac elementor-widget-divider--view-line elementor-widget elementor-widget-divider\" data-id=\"32805ac\" data-element_type=\"widget\" data-e-type=\"widget\" data-widget_type=\"divider.default\">\n\t\t\t\t\t\t\t<div class=\"elementor-divider\">\n\t\t\t<span class=\"elementor-divider-separator\">\n\t\t\t\t\t\t<\/span>\n\t\t<\/div>\n\t\t\t\t\t\t<\/div>\n\t\t\t\t<div class=\"elementor-element elementor-element-b0c5528 elementor-widget elementor-widget-text-editor\" data-id=\"b0c5528\" data-element_type=\"widget\" data-e-type=\"widget\" data-widget_type=\"text-editor.default\">\n\t\t\t\t\t\t\t\t\t<span style=\"letter-spacing: 0px;\">Le si\u00e8ge social est fix\u00e9 \u00e0 la M\u00e9nagerie du jardin des plantes CP31 57 rue cuvier 75005 Paris. Il pourra \u00eatre transf\u00e9r\u00e9 par simple d\u00e9cision du conseil d\u2019administration, mais la ratification par l\u2019assembl\u00e9e g\u00e9n\u00e9rale sera n\u00e9cessaire.<\/span>\t\t\t\t\t\t\t\t<\/div>\n\t\t\t\t\t<\/div>\n\t\t\t\t<\/div>\n\t\t<div class=\"elementor-element elementor-element-3d60faf e-flex e-con-boxed e-con e-parent\" data-id=\"3d60faf\" data-element_type=\"container\" data-e-type=\"container\" data-settings=\"{&quot;background_background&quot;:&quot;classic&quot;}\">\n\t\t\t\t\t<div class=\"e-con-inner\">\n\t\t\t\t<div class=\"elementor-element elementor-element-d463803 elementor-widget elementor-widget-heading\" data-id=\"d463803\" data-element_type=\"widget\" data-e-type=\"widget\" data-widget_type=\"heading.default\">\n\t\t\t\t\t<h1 class=\"elementor-heading-title elementor-size-default\">ARTICLE 4 \u2013 DUREE<\/h1>\t\t\t\t<\/div>\n\t\t\t\t<div class=\"elementor-element elementor-element-42d2b55 elementor-widget-divider--view-line elementor-widget elementor-widget-divider\" data-id=\"42d2b55\" data-element_type=\"widget\" data-e-type=\"widget\" data-widget_type=\"divider.default\">\n\t\t\t\t\t\t\t<div class=\"elementor-divider\">\n\t\t\t<span class=\"elementor-divider-separator\">\n\t\t\t\t\t\t<\/span>\n\t\t<\/div>\n\t\t\t\t\t\t<\/div>\n\t\t\t\t<div class=\"elementor-element elementor-element-bc92225 elementor-widget elementor-widget-text-editor\" data-id=\"bc92225\" data-element_type=\"widget\" data-e-type=\"widget\" data-widget_type=\"text-editor.default\">\n\t\t\t\t\t\t\t\t\t<p><span style=\"letter-spacing: 0px;\">La dur\u00e9e de l\u2019association est illimit\u00e9e.<\/span><\/p>\t\t\t\t\t\t\t\t<\/div>\n\t\t\t\t\t<\/div>\n\t\t\t\t<\/div>\n\t\t<div class=\"elementor-element elementor-element-1b023c8 e-flex e-con-boxed e-con e-parent\" data-id=\"1b023c8\" data-element_type=\"container\" data-e-type=\"container\" data-settings=\"{&quot;background_background&quot;:&quot;classic&quot;}\">\n\t\t\t\t\t<div class=\"e-con-inner\">\n\t\t\t\t<div class=\"elementor-element elementor-element-963cd0d elementor-widget elementor-widget-heading\" data-id=\"963cd0d\" data-element_type=\"widget\" data-e-type=\"widget\" data-widget_type=\"heading.default\">\n\t\t\t\t\t<h1 class=\"elementor-heading-title elementor-size-default\">ARTICLE 5 \u2013 COMPOSITION<\/h1>\t\t\t\t<\/div>\n\t\t\t\t<div class=\"elementor-element elementor-element-bd8a6a6 elementor-widget-divider--view-line elementor-widget elementor-widget-divider\" data-id=\"bd8a6a6\" data-element_type=\"widget\" data-e-type=\"widget\" data-widget_type=\"divider.default\">\n\t\t\t\t\t\t\t<div class=\"elementor-divider\">\n\t\t\t<span class=\"elementor-divider-separator\">\n\t\t\t\t\t\t<\/span>\n\t\t<\/div>\n\t\t\t\t\t\t<\/div>\n\t\t\t\t<div class=\"elementor-element elementor-element-7e6ae8a elementor-widget elementor-widget-text-editor\" data-id=\"7e6ae8a\" data-element_type=\"widget\" data-e-type=\"widget\" data-widget_type=\"text-editor.default\">\n\t\t\t\t\t\t\t\t\t<p><span style=\"letter-spacing: 0px;\">L\u2019association se compose de :<\/span><br \/>a) Membres actifs ou adh\u00e9rents<br \/>b) Membres d\u2019honneur<br \/>c) Membres bienfaiteurs<br \/>d) Membres commerciaux<br \/>e) Membres affili\u00e9s<\/p>\t\t\t\t\t\t\t\t<\/div>\n\t\t\t\t\t<\/div>\n\t\t\t\t<\/div>\n\t\t<div class=\"elementor-element elementor-element-281ae33 e-flex e-con-boxed e-con e-parent\" data-id=\"281ae33\" data-element_type=\"container\" data-e-type=\"container\" data-settings=\"{&quot;background_background&quot;:&quot;classic&quot;}\">\n\t\t\t\t\t<div class=\"e-con-inner\">\n\t\t\t\t<div class=\"elementor-element elementor-element-6188bb0 elementor-widget elementor-widget-heading\" data-id=\"6188bb0\" data-element_type=\"widget\" data-e-type=\"widget\" data-widget_type=\"heading.default\">\n\t\t\t\t\t<h1 class=\"elementor-heading-title elementor-size-default\">ARTICLE 6 \u2013 ADMISSION<\/h1>\t\t\t\t<\/div>\n\t\t\t\t<div class=\"elementor-element elementor-element-0e5b688 elementor-widget-divider--view-line elementor-widget elementor-widget-divider\" data-id=\"0e5b688\" data-element_type=\"widget\" data-e-type=\"widget\" data-widget_type=\"divider.default\">\n\t\t\t\t\t\t\t<div class=\"elementor-divider\">\n\t\t\t<span class=\"elementor-divider-separator\">\n\t\t\t\t\t\t<\/span>\n\t\t<\/div>\n\t\t\t\t\t\t<\/div>\n\t\t\t\t<div class=\"elementor-element elementor-element-29311c8 elementor-widget elementor-widget-text-editor\" data-id=\"29311c8\" data-element_type=\"widget\" data-e-type=\"widget\" data-widget_type=\"text-editor.default\">\n\t\t\t\t\t\t\t\t\t<p><span style=\"letter-spacing: 0px;\">Peuvent \u00eatre membres de ABConservation toute personne souhaitant adh\u00e9rer aux objectifs de l\u2019association, et ce quel que soit leur profession ou statut, \u00e0 condition qu\u2019ils respectent les r\u00e8gles de conduite de l\u2019association et qu\u2019ils soient accept\u00e9s par les membres du bureau.<\/span><\/p>\t\t\t\t\t\t\t\t<\/div>\n\t\t\t\t\t<\/div>\n\t\t\t\t<\/div>\n\t\t<div class=\"elementor-element elementor-element-c32eac7 e-flex e-con-boxed e-con e-parent\" data-id=\"c32eac7\" data-element_type=\"container\" data-e-type=\"container\" data-settings=\"{&quot;background_background&quot;:&quot;classic&quot;}\">\n\t\t\t\t\t<div class=\"e-con-inner\">\n\t\t\t\t<div class=\"elementor-element elementor-element-acefcb7 elementor-widget elementor-widget-heading\" data-id=\"acefcb7\" data-element_type=\"widget\" data-e-type=\"widget\" data-widget_type=\"heading.default\">\n\t\t\t\t\t<h1 class=\"elementor-heading-title elementor-size-default\">ARTICLE 7 \u2013 MEMBRES-COTISATIONS<\/h1>\t\t\t\t<\/div>\n\t\t\t\t<div class=\"elementor-element elementor-element-c7803b5 elementor-widget-divider--view-line elementor-widget elementor-widget-divider\" data-id=\"c7803b5\" data-element_type=\"widget\" data-e-type=\"widget\" data-widget_type=\"divider.default\">\n\t\t\t\t\t\t\t<div class=\"elementor-divider\">\n\t\t\t<span class=\"elementor-divider-separator\">\n\t\t\t\t\t\t<\/span>\n\t\t<\/div>\n\t\t\t\t\t\t<\/div>\n\t\t\t\t<div class=\"elementor-element elementor-element-43922a5 elementor-widget elementor-widget-text-editor\" data-id=\"43922a5\" data-element_type=\"widget\" data-e-type=\"widget\" data-widget_type=\"text-editor.default\">\n\t\t\t\t\t\t\t\t\t<p><b>MEMBRES ACTIFS<\/b><\/p>\n<p>Sont membres actifs les personnes priv\u00e9es qui ont pris l\u2019engagement de verser une cotisation de 15 \u20ac.<br>Les membres poss\u00e9dant une carte \u00e9tudiante valable durant l\u2019ann\u00e9e en cours, les demandeurs d\u2019emploi ou les b\u00e9n\u00e9ficiaires de minima sociaux (attestation datant de moins de 6 mois) devront s\u2019acquitter d\u2019une cotisation sp\u00e9ciale de 9 \u20ac.<br>Les membres du bureau sont dispens\u00e9s du versement de cette cotisation.<br>Les Membres actifs ont le droit de vote.<\/p>\n<p><b>MEMBRES D&rsquo;HONNEUR<\/b><br>Sont membres d\u2019honneur les personnes priv\u00e9es qui ont rendu des services signal\u00e9s \u00e0 l\u2019association. Ils sont dispens\u00e9s de la cotisation annuelle.<br>Ces membres d\u2019honneur ne peuvent \u00eatre \u00e9lus que par les membres du bureau.<br>Les Membres d\u2019honneur ont le droit de vote.<\/p>\n<p><b>MEMBRES BIENFAITEURS<\/b><br>Sont membres bienfaiteurs, les personnes ou institutions qui versent \u00e0 ABConservation un montant sup\u00e9rieur \u00e0 30 \u20ac par an.<br>En ce qui concerne les institutions, seuls le ou les directeurs ex\u00e9cutifs seront les repr\u00e9sentants officiels de l\u2019institution. Eux seuls auront le droit de vote.<\/p>\n<p><b>MEMBRES COMMERCIAUX<\/b><br>Sont membres commerciaux les entreprises qui supportent financi\u00e8rement ou qui fournissent des services \u00e0 l\u2019association \u00e0 titre gratuit. Les membres commerciaux devront \u00eatre repr\u00e9sent\u00e9s par une personne d\u00e9termin\u00e9e : le membre repr\u00e9sentatif, qui est invit\u00e9 \u00e0 \u00eatre pr\u00e9sent aux assembl\u00e9es annuelles.<br>Les Membres commerciaux n\u2019ont pas le droit de vote.<\/p>\n<p><b>MEMBRES AFFILIES<\/b><br>Les membres affili\u00e9s sont les organisations et associations, nationales et internationales, qui soutiennent les ambitions d\u2019ABConservation.<br>Les membres affili\u00e9s devront \u00eatre repr\u00e9sent\u00e9s par une personne d\u00e9termin\u00e9e : le membre repr\u00e9sentatif de chaque organisation est invit\u00e9 \u00e0 \u00eatre pr\u00e9sent aux assembl\u00e9es annuelles.<br>Les membres affili\u00e9s n\u2019ont pas le droit de vote. Ils n\u2019ont pas \u00e0 verser de cotisation annuelle.<\/p>\n<p>Le montant des cotisations peut \u00eatre modifi\u00e9 par l\u2019assembl\u00e9e g\u00e9n\u00e9rale dans le r\u00e8glement int\u00e9rieur.<\/p>\t\t\t\t\t\t\t\t<\/div>\n\t\t\t\t\t<\/div>\n\t\t\t\t<\/div>\n\t\t<div class=\"elementor-element elementor-element-8302569 e-flex e-con-boxed e-con e-parent\" data-id=\"8302569\" data-element_type=\"container\" data-e-type=\"container\" data-settings=\"{&quot;background_background&quot;:&quot;classic&quot;}\">\n\t\t\t\t\t<div class=\"e-con-inner\">\n\t\t\t\t<div class=\"elementor-element elementor-element-0739ea1 elementor-widget elementor-widget-heading\" data-id=\"0739ea1\" data-element_type=\"widget\" data-e-type=\"widget\" data-widget_type=\"heading.default\">\n\t\t\t\t\t<h1 class=\"elementor-heading-title elementor-size-default\">ARTICLE 8 \u2013 RADIATIONS<\/h1>\t\t\t\t<\/div>\n\t\t\t\t<div class=\"elementor-element elementor-element-c35fc68 elementor-widget-divider--view-line elementor-widget elementor-widget-divider\" data-id=\"c35fc68\" data-element_type=\"widget\" data-e-type=\"widget\" data-widget_type=\"divider.default\">\n\t\t\t\t\t\t\t<div class=\"elementor-divider\">\n\t\t\t<span class=\"elementor-divider-separator\">\n\t\t\t\t\t\t<\/span>\n\t\t<\/div>\n\t\t\t\t\t\t<\/div>\n\t\t\t\t<div class=\"elementor-element elementor-element-da40463 elementor-widget elementor-widget-text-editor\" data-id=\"da40463\" data-element_type=\"widget\" data-e-type=\"widget\" data-widget_type=\"text-editor.default\">\n\t\t\t\t\t\t\t\t\t<p>La qualit\u00e9 de membre se perd par :<br \/>\u00a0\u00a0\u00a0\u00a0\u00a0a) La d\u00e9mission<br \/>\u00a0\u00a0\u00a0\u00a0\u00a0b) Le d\u00e9c\u00e8s<br \/>\u00a0\u00a0\u00a0\u00a0\u00a0c) La radiation peut-\u00eatre prononc\u00e9e par le conseil d\u2019administration pour non-paiement de la cotisation ou pour motif grave. L\u2019int\u00e9ress\u00e9 aura \u00e9t\u00e9 invit\u00e9 par lettre recommand\u00e9e \u00e0 fournir des explications devant le bureau et\/ou par \u00e9crit.<br \/><br \/><\/p><p>Le non-respect des lignes de conduite d\u2019ABConservation peut \u00eatre un motif suffisant pour suspendre toute adh\u00e9sion.<\/p>\t\t\t\t\t\t\t\t<\/div>\n\t\t\t\t\t<\/div>\n\t\t\t\t<\/div>\n\t\t<div class=\"elementor-element elementor-element-4bfc6d9 e-flex e-con-boxed e-con e-parent\" data-id=\"4bfc6d9\" data-element_type=\"container\" data-e-type=\"container\" data-settings=\"{&quot;background_background&quot;:&quot;classic&quot;}\">\n\t\t\t\t\t<div class=\"e-con-inner\">\n\t\t\t\t<div class=\"elementor-element elementor-element-1b61241 elementor-widget elementor-widget-heading\" data-id=\"1b61241\" data-element_type=\"widget\" data-e-type=\"widget\" data-widget_type=\"heading.default\">\n\t\t\t\t\t<h1 class=\"elementor-heading-title elementor-size-default\">ARTICLE 9 \u2013 RESSOURCES<\/h1>\t\t\t\t<\/div>\n\t\t\t\t<div class=\"elementor-element elementor-element-cf0ddd3 elementor-widget-divider--view-line elementor-widget elementor-widget-divider\" data-id=\"cf0ddd3\" data-element_type=\"widget\" data-e-type=\"widget\" data-widget_type=\"divider.default\">\n\t\t\t\t\t\t\t<div class=\"elementor-divider\">\n\t\t\t<span class=\"elementor-divider-separator\">\n\t\t\t\t\t\t<\/span>\n\t\t<\/div>\n\t\t\t\t\t\t<\/div>\n\t\t\t\t<div class=\"elementor-element elementor-element-eca8287 elementor-widget elementor-widget-text-editor\" data-id=\"eca8287\" data-element_type=\"widget\" data-e-type=\"widget\" data-widget_type=\"text-editor.default\">\n\t\t\t\t\t\t\t\t\t<p>Les ressources de l\u2019association comprennent :<br \/>\u00a0\u00a0\u00a0\u00a0\u00a01\u00b0 Le montant des cotisations<br \/>\u00a0\u00a0\u00a0\u00a0\u00a02\u00b0 Les subventions de l\u2019Etat, des d\u00e9partements et des communes<br \/>\u00a0\u00a0\u00a0\u00a0\u00a03\u00b0 Les subventions d\u2019autres associations<br \/>\u00a0\u00a0\u00a0\u00a0\u00a04\u00b0 Le m\u00e9c\u00e9nat des entreprises, de grands \u00e9tablissements et d\u2019institutions<br \/>\u00a0\u00a0\u00a0\u00a0\u00a05\u00b0 La vente de produits comportant le logo ou sigle d\u2019ABConservation<br \/>\u00a0\u00a0\u00a0\u00a0\u00a06\u00b0 Les dons et legs<br \/>\u00a0\u00a0\u00a0\u00a0\u00a07\u00b0 Toutes les ressources autoris\u00e9es par les lois et r\u00e8glements en vigueur<\/p>\t\t\t\t\t\t\t\t<\/div>\n\t\t\t\t\t<\/div>\n\t\t\t\t<\/div>\n\t\t<div class=\"elementor-element elementor-element-1dabc67 e-flex e-con-boxed e-con e-parent\" data-id=\"1dabc67\" data-element_type=\"container\" data-e-type=\"container\" data-settings=\"{&quot;background_background&quot;:&quot;classic&quot;}\">\n\t\t\t\t\t<div class=\"e-con-inner\">\n\t\t\t\t<div class=\"elementor-element elementor-element-a6f1ece elementor-widget elementor-widget-heading\" data-id=\"a6f1ece\" data-element_type=\"widget\" data-e-type=\"widget\" data-widget_type=\"heading.default\">\n\t\t\t\t\t<h1 class=\"elementor-heading-title elementor-size-default\">ARTICLE 10 \u2013 ASSEMBLEE GENERALE ORDINAIRE<\/h1>\t\t\t\t<\/div>\n\t\t\t\t<div class=\"elementor-element elementor-element-e9e732a elementor-widget-divider--view-line elementor-widget elementor-widget-divider\" data-id=\"e9e732a\" data-element_type=\"widget\" data-e-type=\"widget\" data-widget_type=\"divider.default\">\n\t\t\t\t\t\t\t<div class=\"elementor-divider\">\n\t\t\t<span class=\"elementor-divider-separator\">\n\t\t\t\t\t\t<\/span>\n\t\t<\/div>\n\t\t\t\t\t\t<\/div>\n\t\t\t\t<div class=\"elementor-element elementor-element-d746693 elementor-widget elementor-widget-text-editor\" data-id=\"d746693\" data-element_type=\"widget\" data-e-type=\"widget\" data-widget_type=\"text-editor.default\">\n\t\t\t\t\t\t\t\t\t<p><span style=\"letter-spacing: 0px;\">L\u2019assembl\u00e9e g\u00e9n\u00e9rale ordinaire comprend tous les membres de l\u2019association, quel que soit leur titre.<\/span><\/p><p>Elle se r\u00e9unit tous les deux ans au mois d&rsquo;octobre.<\/p><p>Au moins quinze jours avant la date fix\u00e9e, les membres de l\u2019association sont convoqu\u00e9s par les soins du bureau.<\/p><p>L\u2019ordre du jour figure sur les convocations.<br \/>Le pr\u00e9sident, assist\u00e9 des membres du conseil, pr\u00e9side l\u2019assembl\u00e9e et expose la situation morale ou l\u2019activit\u00e9 de l\u2019association.<br \/>Le tr\u00e9sorier rend compte de sa gestion et soumet les comptes annuels (bilan, comptes de r\u00e9sultats et annexes) \u00e0 l\u2019approbation de l\u2019assembl\u00e9e.<br \/>L\u2019assembl\u00e9e g\u00e9n\u00e9rale fixe le montant des cotisations annuelles \u00e0 verser par les diff\u00e9rentes cat\u00e9gories de membres, et d\u00e9lib\u00e8re sur les orientations \u00e0 venir.<\/p><p>Ne peuvent \u00eatre abord\u00e9s que les points inscrits \u00e0 l\u2019ordre du jour.<br \/>Les d\u00e9cisions sont prises \u00e0 la majorit\u00e9 des voix des membres pr\u00e9sents ou repr\u00e9sent\u00e9s.<\/p><p>Il est proc\u00e9d\u00e9, apr\u00e8s \u00e9puisement de l\u2019ordre du jour, au renouvellement des membres sortants du conseil.<br \/>Toutes les d\u00e9lib\u00e9rations sont prises \u00e0 main lev\u00e9e, except\u00e9 l\u2019\u00e9lection des membres du conseil, pour laquelle le scrutin secret est requis.<\/p><p>Les d\u00e9cisions des assembl\u00e9es g\u00e9n\u00e9rales s\u2019imposent \u00e0 tous les membres, y compris absents ou repr\u00e9sent\u00e9s.<\/p>\t\t\t\t\t\t\t\t<\/div>\n\t\t\t\t\t<\/div>\n\t\t\t\t<\/div>\n\t\t<div class=\"elementor-element elementor-element-9561d87 e-flex e-con-boxed e-con e-parent\" data-id=\"9561d87\" data-element_type=\"container\" data-e-type=\"container\" data-settings=\"{&quot;background_background&quot;:&quot;classic&quot;}\">\n\t\t\t\t\t<div class=\"e-con-inner\">\n\t\t\t\t<div class=\"elementor-element elementor-element-be8f92a elementor-widget elementor-widget-heading\" data-id=\"be8f92a\" data-element_type=\"widget\" data-e-type=\"widget\" data-widget_type=\"heading.default\">\n\t\t\t\t\t<h1 class=\"elementor-heading-title elementor-size-default\">ARTICLE 11 \u2013 ASSEMBLEE GENERALE EXTRAORDINAIRE<\/h1>\t\t\t\t<\/div>\n\t\t\t\t<div class=\"elementor-element elementor-element-b8e7352 elementor-widget-divider--view-line elementor-widget elementor-widget-divider\" data-id=\"b8e7352\" data-element_type=\"widget\" data-e-type=\"widget\" data-widget_type=\"divider.default\">\n\t\t\t\t\t\t\t<div class=\"elementor-divider\">\n\t\t\t<span class=\"elementor-divider-separator\">\n\t\t\t\t\t\t<\/span>\n\t\t<\/div>\n\t\t\t\t\t\t<\/div>\n\t\t\t\t<div class=\"elementor-element elementor-element-1e57123 elementor-widget elementor-widget-text-editor\" data-id=\"1e57123\" data-element_type=\"widget\" data-e-type=\"widget\" data-widget_type=\"text-editor.default\">\n\t\t\t\t\t\t\t\t\t<p><span style=\"letter-spacing: 0px;\">Si besoin est, ou sur la demande de la moiti\u00e9 plus un des membres inscrits, le pr\u00e9sident peut convoquer une assembl\u00e9e g\u00e9n\u00e9rale extraordinaire, suivant les modalit\u00e9s pr\u00e9vues par l\u2019article 10.<\/span><\/p><p>Les modalit\u00e9s de convocation sont les m\u00eames que pour l\u2019assembl\u00e9e g\u00e9n\u00e9rale ordinaire.<\/p><p>Les d\u00e9lib\u00e9rations sont prises \u00e0 la majorit\u00e9 des membres pr\u00e9sents.<\/p>\t\t\t\t\t\t\t\t<\/div>\n\t\t\t\t\t<\/div>\n\t\t\t\t<\/div>\n\t\t<div class=\"elementor-element elementor-element-b96bfcf e-flex e-con-boxed e-con e-parent\" data-id=\"b96bfcf\" data-element_type=\"container\" data-e-type=\"container\" data-settings=\"{&quot;background_background&quot;:&quot;classic&quot;}\">\n\t\t\t\t\t<div class=\"e-con-inner\">\n\t\t\t\t<div class=\"elementor-element elementor-element-2edce49 elementor-widget elementor-widget-heading\" data-id=\"2edce49\" data-element_type=\"widget\" data-e-type=\"widget\" data-widget_type=\"heading.default\">\n\t\t\t\t\t<h1 class=\"elementor-heading-title elementor-size-default\">ARTICLE 12 \u2013 CONSEIL D'ADMINISTRATION<\/h1>\t\t\t\t<\/div>\n\t\t\t\t<div class=\"elementor-element elementor-element-b1fbc64 elementor-widget-divider--view-line elementor-widget elementor-widget-divider\" data-id=\"b1fbc64\" data-element_type=\"widget\" data-e-type=\"widget\" data-widget_type=\"divider.default\">\n\t\t\t\t\t\t\t<div class=\"elementor-divider\">\n\t\t\t<span class=\"elementor-divider-separator\">\n\t\t\t\t\t\t<\/span>\n\t\t<\/div>\n\t\t\t\t\t\t<\/div>\n\t\t\t\t<div class=\"elementor-element elementor-element-373b6b5 elementor-widget elementor-widget-text-editor\" data-id=\"373b6b5\" data-element_type=\"widget\" data-e-type=\"widget\" data-widget_type=\"text-editor.default\">\n\t\t\t\t\t\t\t\t\t<p>L\u2019association est dirig\u00e9e par un conseil de 7 membres:<\/p><ul><li>Un pr\u00e9sident,<\/li><li>Un tr\u00e9sorier,<\/li><li>Un responsable scientifique,<\/li><li>Quatre secr\u00e9taires.<\/li><\/ul><p>\u00a0<\/p><p>Les fonctions de pr\u00e9sident et de tr\u00e9sorier ne sont pas cumulables.<\/p><p>Les fonctions, attributions et pouvoirs respectifs des membres du conseil sont pr\u00e9cis\u00e9s dans le r\u00e8glement int\u00e9rieur.<\/p><p>Ils sont \u00e9lus pour 2 ann\u00e9es par l\u2019assembl\u00e9e g\u00e9n\u00e9rale. Les membres sont r\u00e9\u00e9ligibles.<br \/>En cas de vacances, le conseil pourvoit provisoirement au remplacement de ses membres.<\/p><p>Les pouvoirs des membres ainsi \u00e9lus prennent fin \u00e0 l\u2019expiration du mandat des membres remplac\u00e9s.<\/p><p>Le conseil d\u2019administration a pour objet de mettre en \u0153uvre les d\u00e9cisions de l\u2019assembl\u00e9e g\u00e9n\u00e9rale, d\u2019organiser et d\u2019animer la vie de l\u2019association, dans le cadre fix\u00e9 par les statuts.<br \/>Les fonctions de membres du conseil d\u2019administration sont b\u00e9n\u00e9voles.<\/p><p>Les frais occasionn\u00e9s par l\u2019accomplissement du mandat d\u2019administrateur peuvent \u00eatre rembours\u00e9s apr\u00e8s fournitures de pi\u00e8ces justificatives.<\/p><p>Ces frais sont int\u00e9gr\u00e9s \u00e0 la comptabilit\u00e9 et apparaissent dans le bilan financier.<br \/>Le conseil d\u2019administration se r\u00e9unit au moins une fois par an et toutes les fois qu\u2019il est convoqu\u00e9 par le pr\u00e9sident ou sur demande du quart de ses membres.<\/p><p>Le pr\u00e9sident convoque par \u00e9crit les membres du conseil d\u2019administration aux r\u00e9unions en pr\u00e9cisant l\u2019ordre du jour.<\/p><p>Les d\u00e9cisions sont prises \u00e0 la majorit\u00e9 des voix ; en cas de partage, la voix du pr\u00e9sident est pr\u00e9pond\u00e9rante. Le vote par procuration n\u2019est pas autoris\u00e9.<br \/>Tout membre du conseil qui, sans excuse, n\u2019aura pas assist\u00e9 \u00e0 trois r\u00e9unions cons\u00e9cutives, sera consid\u00e9r\u00e9 comme d\u00e9missionnaire.<\/p>\t\t\t\t\t\t\t\t<\/div>\n\t\t\t\t\t<\/div>\n\t\t\t\t<\/div>\n\t\t<div class=\"elementor-element elementor-element-e96d062 e-flex e-con-boxed e-con e-parent\" data-id=\"e96d062\" data-element_type=\"container\" data-e-type=\"container\" data-settings=\"{&quot;background_background&quot;:&quot;classic&quot;}\">\n\t\t\t\t\t<div class=\"e-con-inner\">\n\t\t\t\t<div class=\"elementor-element elementor-element-633e0a8 elementor-widget elementor-widget-heading\" data-id=\"633e0a8\" data-element_type=\"widget\" data-e-type=\"widget\" data-widget_type=\"heading.default\">\n\t\t\t\t\t<h1 class=\"elementor-heading-title elementor-size-default\">ARTICLE 13 \u2013 REGLEMENT INTERIEUR <\/h1>\t\t\t\t<\/div>\n\t\t\t\t<div class=\"elementor-element elementor-element-bb7ce06 elementor-widget-divider--view-line elementor-widget elementor-widget-divider\" data-id=\"bb7ce06\" data-element_type=\"widget\" data-e-type=\"widget\" data-widget_type=\"divider.default\">\n\t\t\t\t\t\t\t<div class=\"elementor-divider\">\n\t\t\t<span class=\"elementor-divider-separator\">\n\t\t\t\t\t\t<\/span>\n\t\t<\/div>\n\t\t\t\t\t\t<\/div>\n\t\t\t\t<div class=\"elementor-element elementor-element-274399f elementor-widget elementor-widget-text-editor\" data-id=\"274399f\" data-element_type=\"widget\" data-e-type=\"widget\" data-widget_type=\"text-editor.default\">\n\t\t\t\t\t\t\t\t\t<p><span style=\"letter-spacing: 0px;\">Un r\u00e8glement int\u00e9rieur peut \u00eatre \u00e9tabli par le conseil d\u2019administration, qui le fait alors approuver par l\u2019assembl\u00e9e g\u00e9n\u00e9rale.<\/span><\/p><p>Ce r\u00e8glement \u00e9ventuel est destin\u00e9 \u00e0 fixer les divers points non pr\u00e9vus par les pr\u00e9sents statuts, notamment ceux qui ont trait \u00e0 l\u2019administration interne de l\u2019association.<\/p>\t\t\t\t\t\t\t\t<\/div>\n\t\t\t\t\t<\/div>\n\t\t\t\t<\/div>\n\t\t<div class=\"elementor-element elementor-element-13723b8 e-flex e-con-boxed e-con e-parent\" data-id=\"13723b8\" data-element_type=\"container\" data-e-type=\"container\" data-settings=\"{&quot;background_background&quot;:&quot;classic&quot;}\">\n\t\t\t\t\t<div class=\"e-con-inner\">\n\t\t\t\t<div class=\"elementor-element elementor-element-6440dd0 elementor-widget elementor-widget-heading\" data-id=\"6440dd0\" data-element_type=\"widget\" data-e-type=\"widget\" data-widget_type=\"heading.default\">\n\t\t\t\t\t<h1 class=\"elementor-heading-title elementor-size-default\">ARTICLE 14 \u2013 DISSOLUTION<\/h1>\t\t\t\t<\/div>\n\t\t\t\t<div class=\"elementor-element elementor-element-83f619e elementor-widget-divider--view-line elementor-widget elementor-widget-divider\" data-id=\"83f619e\" data-element_type=\"widget\" data-e-type=\"widget\" data-widget_type=\"divider.default\">\n\t\t\t\t\t\t\t<div class=\"elementor-divider\">\n\t\t\t<span class=\"elementor-divider-separator\">\n\t\t\t\t\t\t<\/span>\n\t\t<\/div>\n\t\t\t\t\t\t<\/div>\n\t\t\t\t<div class=\"elementor-element elementor-element-f866f03 elementor-widget elementor-widget-text-editor\" data-id=\"f866f03\" data-element_type=\"widget\" data-e-type=\"widget\" data-widget_type=\"text-editor.default\">\n\t\t\t\t\t\t\t\t\t<p><span style=\"letter-spacing: 0px;\">La dissolution de l\u2019association ne pourra \u00eatre prononc\u00e9e qu\u2019en assembl\u00e9e g\u00e9n\u00e9rale extraordinaire.<\/span><\/p><p>En cas de dissolution, l\u2019actif de liquidation, s\u2019il en existe, sera attribu\u00e9 \u00e0 un programme de conservation ou \u00e0 une association similaire d\u00e9sign\u00e9e par l\u2019assembl\u00e9e g\u00e9n\u00e9rale.<\/p>\t\t\t\t\t\t\t\t<\/div>\n\t\t\t\t\t<\/div>\n\t\t\t\t<\/div>\n\t\t<div class=\"elementor-element elementor-element-94fa27d e-flex e-con-boxed e-con e-parent\" data-id=\"94fa27d\" data-element_type=\"container\" data-e-type=\"container\" data-settings=\"{&quot;background_background&quot;:&quot;classic&quot;}\">\n\t\t\t\t\t<div class=\"e-con-inner\">\n\t\t\t\t<div class=\"elementor-element elementor-element-4a93ecb elementor-widget elementor-widget-heading\" data-id=\"4a93ecb\" data-element_type=\"widget\" data-e-type=\"widget\" data-widget_type=\"heading.default\">\n\t\t\t\t\t<h1 class=\"elementor-heading-title elementor-size-default\">ARTICLE 15 \u2013 LIBERALITES<\/h1>\t\t\t\t<\/div>\n\t\t\t\t<div class=\"elementor-element elementor-element-26d6e3f elementor-widget-divider--view-line elementor-widget elementor-widget-divider\" data-id=\"26d6e3f\" data-element_type=\"widget\" data-e-type=\"widget\" data-widget_type=\"divider.default\">\n\t\t\t\t\t\t\t<div class=\"elementor-divider\">\n\t\t\t<span class=\"elementor-divider-separator\">\n\t\t\t\t\t\t<\/span>\n\t\t<\/div>\n\t\t\t\t\t\t<\/div>\n\t\t\t\t<div class=\"elementor-element elementor-element-8c907bc elementor-widget elementor-widget-text-editor\" data-id=\"8c907bc\" data-element_type=\"widget\" data-e-type=\"widget\" data-widget_type=\"text-editor.default\">\n\t\t\t\t\t\t\t\t\t<p><span style=\"letter-spacing: 0px;\">Le rapport et les comptes annuels, tels que d\u00e9finis \u00e0 l\u2019article 10, sont adress\u00e9s chaque ann\u00e9e au Pr\u00e9fet du d\u00e9partement.<\/span><\/p><p>L\u2019association s\u2019engage \u00e0 pr\u00e9senter ses registres et pi\u00e8ces de comptabilit\u00e9 sur toute r\u00e9quisition des autorit\u00e9s administratives en ce qui concerne l\u2019emploi des lib\u00e9ralit\u00e9s qu\u2019elle serait autoris\u00e9e \u00e0 recevoir.<\/p>\t\t\t\t\t\t\t\t<\/div>\n\t\t\t\t\t<\/div>\n\t\t\t\t<\/div>\n\t\t<div class=\"elementor-element elementor-element-9dd208a e-flex e-con-boxed e-con e-parent\" data-id=\"9dd208a\" data-element_type=\"container\" data-e-type=\"container\" data-settings=\"{&quot;background_background&quot;:&quot;classic&quot;}\">\n\t\t\t\t\t<div class=\"e-con-inner\">\n\t\t\t\t<div class=\"elementor-element elementor-element-5bbc131 elementor-widget elementor-widget-text-editor\" data-id=\"5bbc131\" data-element_type=\"widget\" data-e-type=\"widget\" data-widget_type=\"text-editor.default\">\n\t\t\t\t\t\t\t\t\t<p><span style=\"letter-spacing: 0px;\">Fait \u00e0 Paris, le 02\/11\/2024.<\/span><\/p>\n<p>Pauline Kayser, pr\u00e9sidente<br>M\u00e9lissa Perrigon, tr\u00e9sori\u00e8re<br>Ameline Roger, secr\u00e9taire &amp; charg\u00e9e de projet antenne Philippine<br>Elea Delsaux, secr\u00e9taire &amp; responsable scientifique<br>Elise Traboulsy, secr\u00e9taire &amp; responsable communication<br>Dimitri Follain, secr\u00e9taire<br>Nicolas Louineau, secr\u00e9taire<\/p>\t\t\t\t\t\t\t\t<\/div>\n\t\t\t\t\t<\/div>\n\t\t\t\t<\/div>\n\t\t\t\t<\/div>\n\t\t","protected":false},"excerpt":{"rendered":"<p>Les statuts de l&rsquo;associationArctictis Binturong Conservation ABConservation est une organisation \u00e0 but non lucratif r\u00e9gie par le droit fran\u00e7ais. Sa r\u00e9glementation reste en fran\u00e7ais. \u00a0 ARTICLE 1 \u2013 NOM Il est fond\u00e9 entre les adh\u00e9rents aux pr\u00e9sents statuts une association r\u00e9gie par la loi du 1er juillet 1901 et le d\u00e9cret du 16 ao\u00fbt 1901, [&hellip;]<\/p>\n","protected":false},"author":1,"featured_media":0,"parent":0,"menu_order":99,"comment_status":"closed","ping_status":"closed","template":"elementor_header_footer","meta":{"footnotes":""},"class_list":["post-473","page","type-page","status-publish","hentry"],"yoast_head":"<!-- This site is optimized with the Yoast SEO plugin v27.4 - https:\/\/yoast.com\/product\/yoast-seo-wordpress\/ -->\n<title>STATUTS - ABConservation<\/title>\n<meta name=\"description\" content=\"ABConservation est l&#039;association d\u00e9di\u00e9e \u00e0 la protection du binturong. D\u00e9couvrez les statuts de l&#039;association.\" \/>\n<meta name=\"robots\" content=\"index, follow, max-snippet:-1, max-image-preview:large, max-video-preview:-1\" \/>\n<link rel=\"canonical\" href=\"https:\/\/www.abconservation.org\/fr\/statuts\/\" \/>\n<meta property=\"og:locale\" content=\"fr_FR\" \/>\n<meta property=\"og:type\" content=\"article\" \/>\n<meta property=\"og:title\" content=\"STATUTS - ABConservation\" \/>\n<meta property=\"og:description\" content=\"ABConservation est l&#039;association d\u00e9di\u00e9e \u00e0 la protection du binturong. D\u00e9couvrez les statuts de l&#039;association.\" \/>\n<meta property=\"og:url\" content=\"https:\/\/www.abconservation.org\/fr\/statuts\/\" \/>\n<meta property=\"og:site_name\" content=\"ABConservation\" \/>\n<meta property=\"article:publisher\" content=\"https:\/\/www.facebook.com\/ABConservation\" \/>\n<meta property=\"article:modified_time\" content=\"2025-05-28T05:37:28+00:00\" \/>\n<meta property=\"og:image\" content=\"https:\/\/www.abconservation.org\/wp-content\/uploads\/2025\/02\/defaut-v2.jpg\" \/>\n\t<meta property=\"og:image:width\" content=\"1200\" \/>\n\t<meta property=\"og:image:height\" content=\"675\" \/>\n\t<meta property=\"og:image:type\" content=\"image\/jpeg\" \/>\n<meta name=\"twitter:card\" content=\"summary_large_image\" \/>\n<meta name=\"twitter:label1\" content=\"Dur\u00e9e de lecture estim\u00e9e\" \/>\n\t<meta name=\"twitter:data1\" content=\"7 minutes\" \/>\n<script type=\"application\/ld+json\" class=\"yoast-schema-graph\">{\"@context\":\"https:\\\/\\\/schema.org\",\"@graph\":[{\"@type\":\"WebPage\",\"@id\":\"https:\\\/\\\/www.abconservation.org\\\/fr\\\/statuts\\\/\",\"url\":\"https:\\\/\\\/www.abconservation.org\\\/fr\\\/statuts\\\/\",\"name\":\"STATUTS - ABConservation\",\"isPartOf\":{\"@id\":\"https:\\\/\\\/www.abconservation.org\\\/#website\"},\"datePublished\":\"2024-09-19T16:43:01+00:00\",\"dateModified\":\"2025-05-28T05:37:28+00:00\",\"description\":\"ABConservation est l'association d\u00e9di\u00e9e \u00e0 la protection du binturong. D\u00e9couvrez les statuts de l'association.\",\"breadcrumb\":{\"@id\":\"https:\\\/\\\/www.abconservation.org\\\/fr\\\/statuts\\\/#breadcrumb\"},\"inLanguage\":\"fr-FR\",\"potentialAction\":[{\"@type\":\"ReadAction\",\"target\":[\"https:\\\/\\\/www.abconservation.org\\\/fr\\\/statuts\\\/\"]}]},{\"@type\":\"BreadcrumbList\",\"@id\":\"https:\\\/\\\/www.abconservation.org\\\/fr\\\/statuts\\\/#breadcrumb\",\"itemListElement\":[{\"@type\":\"ListItem\",\"position\":1,\"name\":\"ACCUEIL\",\"item\":\"https:\\\/\\\/www.abconservation.org\\\/\"},{\"@type\":\"ListItem\",\"position\":2,\"name\":\"STATUTS\"}]},{\"@type\":\"WebSite\",\"@id\":\"https:\\\/\\\/www.abconservation.org\\\/#website\",\"url\":\"https:\\\/\\\/www.abconservation.org\\\/\",\"name\":\"ABConservation\",\"description\":\"Etudier, sensibiliser, prot\u00e9ger\",\"publisher\":{\"@id\":\"https:\\\/\\\/www.abconservation.org\\\/#organization\"},\"potentialAction\":[{\"@type\":\"SearchAction\",\"target\":{\"@type\":\"EntryPoint\",\"urlTemplate\":\"https:\\\/\\\/www.abconservation.org\\\/?s={search_term_string}\"},\"query-input\":{\"@type\":\"PropertyValueSpecification\",\"valueRequired\":true,\"valueName\":\"search_term_string\"}}],\"inLanguage\":\"fr-FR\"},{\"@type\":\"Organization\",\"@id\":\"https:\\\/\\\/www.abconservation.org\\\/#organization\",\"name\":\"ABConservation\",\"url\":\"https:\\\/\\\/www.abconservation.org\\\/\",\"logo\":{\"@type\":\"ImageObject\",\"inLanguage\":\"fr-FR\",\"@id\":\"https:\\\/\\\/www.abconservation.org\\\/#\\\/schema\\\/logo\\\/image\\\/\",\"url\":\"https:\\\/\\\/www.abconservation.org\\\/wp-content\\\/uploads\\\/2024\\\/07\\\/cropped-abconservation-home3.png\",\"contentUrl\":\"https:\\\/\\\/www.abconservation.org\\\/wp-content\\\/uploads\\\/2024\\\/07\\\/cropped-abconservation-home3.png\",\"width\":485,\"height\":134,\"caption\":\"ABConservation\"},\"image\":{\"@id\":\"https:\\\/\\\/www.abconservation.org\\\/#\\\/schema\\\/logo\\\/image\\\/\"},\"sameAs\":[\"https:\\\/\\\/www.facebook.com\\\/ABConservation\",\"https:\\\/\\\/www.instagram.com\\\/abconservation\\\/\",\"https:\\\/\\\/www.youtube.com\\\/channel\\\/UCXU_mrwJG4tK6NPGMlWJdsA\",\"https:\\\/\\\/www.linkedin.com\\\/company\\\/arctictis-binturong-conservation\"]}]}<\/script>\n<!-- \/ Yoast SEO plugin. -->","yoast_head_json":{"title":"STATUTS - ABConservation","description":"ABConservation est l'association d\u00e9di\u00e9e \u00e0 la protection du binturong. D\u00e9couvrez les statuts de l'association.","robots":{"index":"index","follow":"follow","max-snippet":"max-snippet:-1","max-image-preview":"max-image-preview:large","max-video-preview":"max-video-preview:-1"},"canonical":"https:\/\/www.abconservation.org\/fr\/statuts\/","og_locale":"fr_FR","og_type":"article","og_title":"STATUTS - ABConservation","og_description":"ABConservation est l'association d\u00e9di\u00e9e \u00e0 la protection du binturong. D\u00e9couvrez les statuts de l'association.","og_url":"https:\/\/www.abconservation.org\/fr\/statuts\/","og_site_name":"ABConservation","article_publisher":"https:\/\/www.facebook.com\/ABConservation","article_modified_time":"2025-05-28T05:37:28+00:00","og_image":[{"width":1200,"height":675,"url":"https:\/\/www.abconservation.org\/wp-content\/uploads\/2025\/02\/defaut-v2.jpg","type":"image\/jpeg"}],"twitter_card":"summary_large_image","twitter_misc":{"Dur\u00e9e de lecture estim\u00e9e":"7 minutes"},"schema":{"@context":"https:\/\/schema.org","@graph":[{"@type":"WebPage","@id":"https:\/\/www.abconservation.org\/fr\/statuts\/","url":"https:\/\/www.abconservation.org\/fr\/statuts\/","name":"STATUTS - ABConservation","isPartOf":{"@id":"https:\/\/www.abconservation.org\/#website"},"datePublished":"2024-09-19T16:43:01+00:00","dateModified":"2025-05-28T05:37:28+00:00","description":"ABConservation est l'association d\u00e9di\u00e9e \u00e0 la protection du binturong. D\u00e9couvrez les statuts de l'association.","breadcrumb":{"@id":"https:\/\/www.abconservation.org\/fr\/statuts\/#breadcrumb"},"inLanguage":"fr-FR","potentialAction":[{"@type":"ReadAction","target":["https:\/\/www.abconservation.org\/fr\/statuts\/"]}]},{"@type":"BreadcrumbList","@id":"https:\/\/www.abconservation.org\/fr\/statuts\/#breadcrumb","itemListElement":[{"@type":"ListItem","position":1,"name":"ACCUEIL","item":"https:\/\/www.abconservation.org\/"},{"@type":"ListItem","position":2,"name":"STATUTS"}]},{"@type":"WebSite","@id":"https:\/\/www.abconservation.org\/#website","url":"https:\/\/www.abconservation.org\/","name":"ABConservation","description":"Etudier, sensibiliser, prot\u00e9ger","publisher":{"@id":"https:\/\/www.abconservation.org\/#organization"},"potentialAction":[{"@type":"SearchAction","target":{"@type":"EntryPoint","urlTemplate":"https:\/\/www.abconservation.org\/?s={search_term_string}"},"query-input":{"@type":"PropertyValueSpecification","valueRequired":true,"valueName":"search_term_string"}}],"inLanguage":"fr-FR"},{"@type":"Organization","@id":"https:\/\/www.abconservation.org\/#organization","name":"ABConservation","url":"https:\/\/www.abconservation.org\/","logo":{"@type":"ImageObject","inLanguage":"fr-FR","@id":"https:\/\/www.abconservation.org\/#\/schema\/logo\/image\/","url":"https:\/\/www.abconservation.org\/wp-content\/uploads\/2024\/07\/cropped-abconservation-home3.png","contentUrl":"https:\/\/www.abconservation.org\/wp-content\/uploads\/2024\/07\/cropped-abconservation-home3.png","width":485,"height":134,"caption":"ABConservation"},"image":{"@id":"https:\/\/www.abconservation.org\/#\/schema\/logo\/image\/"},"sameAs":["https:\/\/www.facebook.com\/ABConservation","https:\/\/www.instagram.com\/abconservation\/","https:\/\/www.youtube.com\/channel\/UCXU_mrwJG4tK6NPGMlWJdsA","https:\/\/www.linkedin.com\/company\/arctictis-binturong-conservation"]}]}},"_links":{"self":[{"href":"https:\/\/www.abconservation.org\/fr\/wp-json\/wp\/v2\/pages\/473","targetHints":{"allow":["GET"]}}],"collection":[{"href":"https:\/\/www.abconservation.org\/fr\/wp-json\/wp\/v2\/pages"}],"about":[{"href":"https:\/\/www.abconservation.org\/fr\/wp-json\/wp\/v2\/types\/page"}],"author":[{"embeddable":true,"href":"https:\/\/www.abconservation.org\/fr\/wp-json\/wp\/v2\/users\/1"}],"replies":[{"embeddable":true,"href":"https:\/\/www.abconservation.org\/fr\/wp-json\/wp\/v2\/comments?post=473"}],"version-history":[{"count":41,"href":"https:\/\/www.abconservation.org\/fr\/wp-json\/wp\/v2\/pages\/473\/revisions"}],"predecessor-version":[{"id":6084,"href":"https:\/\/www.abconservation.org\/fr\/wp-json\/wp\/v2\/pages\/473\/revisions\/6084"}],"wp:attachment":[{"href":"https:\/\/www.abconservation.org\/fr\/wp-json\/wp\/v2\/media?parent=473"}],"curies":[{"name":"wp","href":"https:\/\/api.w.org\/{rel}","templated":true}]}}