{"id":2275,"date":"2025-01-12T15:32:02","date_gmt":"2025-01-12T14:32:02","guid":{"rendered":"https:\/\/pab.abconservation.org\/?page_id=2275"},"modified":"2026-01-13T10:54:24","modified_gmt":"2026-01-13T09:54:24","slug":"education-et-sensibilisation-aux-philippines","status":"publish","type":"page","link":"https:\/\/www.abconservation.org\/fr\/projets\/education-et-sensibilisation\/education-et-sensibilisation-aux-philippines\/","title":{"rendered":"EDUCATION ET SENSIBILISATION AUX PHILIPPINES"},"content":{"rendered":"\t\t<div data-elementor-type=\"wp-page\" data-elementor-id=\"2275\" class=\"elementor elementor-2275\" data-elementor-post-type=\"page\">\n\t\t\t\t<div class=\"elementor-element elementor-element-2ea90e28 e-flex e-con-boxed e-con e-parent\" data-id=\"2ea90e28\" data-element_type=\"container\" data-e-type=\"container\">\n\t\t\t\t\t<div class=\"e-con-inner\">\n\t\t<div class=\"elementor-element elementor-element-65f80332 e-con-full e-flex e-con e-child\" data-id=\"65f80332\" data-element_type=\"container\" data-e-type=\"container\">\n\t\t\t\t<div class=\"elementor-element elementor-element-d19a327 elementor-widget elementor-widget-heading\" data-id=\"d19a327\" data-element_type=\"widget\" data-e-type=\"widget\" data-widget_type=\"heading.default\">\n\t\t\t\t\t<h1 class=\"elementor-heading-title elementor-size-default\">Former \u00e0 l'importance de la nature<\/h1>\t\t\t\t<\/div>\n\t\t\t\t<div class=\"elementor-element elementor-element-52dbdf68 elementor-widget elementor-widget-heading\" data-id=\"52dbdf68\" data-element_type=\"widget\" data-e-type=\"widget\" data-widget_type=\"heading.default\">\n\t\t\t\t\t<h1 class=\"elementor-heading-title elementor-size-default\">Education et sensibilisation aux Philippines \/\/<\/h1>\t\t\t\t<\/div>\n\t\t\t\t<div class=\"elementor-element elementor-element-64c29641 elementor-widget elementor-widget-heading\" data-id=\"64c29641\" data-element_type=\"widget\" data-e-type=\"widget\" data-widget_type=\"heading.default\">\n\t\t\t\t\t<h1 class=\"elementor-heading-title elementor-size-default\">From Awareness to Actions for Nature Conservation<\/h1>\t\t\t\t<\/div>\n\t\t\t\t<div class=\"elementor-element elementor-element-6d14c7c5 elementor-widget elementor-widget-text-editor\" data-id=\"6d14c7c5\" data-element_type=\"widget\" data-e-type=\"widget\" data-widget_type=\"text-editor.default\">\n\t\t\t\t\t\t\t\t\t<p><strong>Depuis <\/strong><b>2019<\/b><br \/><i>Ile de Palawan, Philippines<\/i><\/p>\t\t\t\t\t\t\t\t<\/div>\n\t\t\t\t<div class=\"elementor-element elementor-element-9c3469 elementor-widget elementor-widget-text-editor\" data-id=\"9c3469\" data-element_type=\"widget\" data-e-type=\"widget\" data-widget_type=\"text-editor.default\">\n\t\t\t\t\t\t\t\t\t<p>Ce programme a pour but de sensibiliser le grand public \u00e0 l\u2019importance de la Nature et aux menaces qui p\u00e8sent sur elle. Il vise ainsi \u00e0 g\u00e9n\u00e9rer des actions et solutions concr\u00e8tes face \u00e0 ces enjeux et \u00e0 am\u00e9liorer la r\u00e9silience des populations locales. Il a \u00e9galement permis la cr\u00e9ation d&rsquo;un programme \u00e9ducatif dont le but est de toucher un public \u00e9colier.\u00a0<\/p>\t\t\t\t\t\t\t\t<\/div>\n\t\t\t\t<\/div>\n\t\t<div class=\"elementor-element elementor-element-51d2bca e-con-full e-flex e-con e-child\" data-id=\"51d2bca\" data-element_type=\"container\" data-e-type=\"container\">\n\t\t\t\t<div class=\"elementor-element elementor-element-2d87117d elementor-widget elementor-widget-image\" data-id=\"2d87117d\" data-element_type=\"widget\" data-e-type=\"widget\" data-widget_type=\"image.default\">\n\t\t\t\t\t\t\t\t\t\t\t\t\t\t\t<img fetchpriority=\"high\" decoding=\"async\" width=\"650\" height=\"430\" src=\"https:\/\/www.abconservation.org\/wp-content\/uploads\/2024\/12\/Project_sensibilisation-V3.jpg\" class=\"attachment-large size-large wp-image-1312\" alt=\"\" srcset=\"https:\/\/www.abconservation.org\/wp-content\/uploads\/2024\/12\/Project_sensibilisation-V3.jpg 650w, https:\/\/www.abconservation.org\/wp-content\/uploads\/2024\/12\/Project_sensibilisation-V3-300x198.jpg 300w, https:\/\/www.abconservation.org\/wp-content\/uploads\/2024\/12\/Project_sensibilisation-V3-18x12.jpg 18w\" sizes=\"(max-width: 650px) 100vw, 650px\" \/>\t\t\t\t\t\t\t\t\t\t\t\t\t\t\t<\/div>\n\t\t\t\t<\/div>\n\t\t\t\t\t<\/div>\n\t\t\t\t<\/div>\n\t\t<div class=\"elementor-element elementor-element-65ac1ba4 e-flex e-con-boxed e-con e-parent\" data-id=\"65ac1ba4\" data-element_type=\"container\" data-e-type=\"container\" data-settings=\"{&quot;background_background&quot;:&quot;classic&quot;}\">\n\t\t\t\t\t<div class=\"e-con-inner\">\n\t\t<div class=\"elementor-element elementor-element-46d619af e-con-full e-flex e-con e-child\" data-id=\"46d619af\" data-element_type=\"container\" data-e-type=\"container\">\n\t\t\t\t<div class=\"elementor-element elementor-element-718b44d2 elementor-widget elementor-widget-accordion\" data-id=\"718b44d2\" data-element_type=\"widget\" data-e-type=\"widget\" data-widget_type=\"accordion.default\">\n\t\t\t\t\t\t\t<div class=\"elementor-accordion\">\n\t\t\t\t\t\t\t<div class=\"elementor-accordion-item\">\n\t\t\t\t\t<div id=\"elementor-tab-title-1901\" class=\"elementor-tab-title\" data-tab=\"1\" role=\"button\" aria-controls=\"elementor-tab-content-1901\" aria-expanded=\"false\">\n\t\t\t\t\t\t\t\t\t\t\t\t\t<span class=\"elementor-accordion-icon elementor-accordion-icon-left\" aria-hidden=\"true\">\n\t\t\t\t\t\t\t\t\t\t\t\t\t\t\t<span class=\"elementor-accordion-icon-closed\"><svg class=\"e-font-icon-svg e-fas-plus\" viewBox=\"0 0 448 512\" xmlns=\"http:\/\/www.w3.org\/2000\/svg\"><path d=\"M416 208H272V64c0-17.67-14.33-32-32-32h-32c-17.67 0-32 14.33-32 32v144H32c-17.67 0-32 14.33-32 32v32c0 17.67 14.33 32 32 32h144v144c0 17.67 14.33 32 32 32h32c17.67 0 32-14.33 32-32V304h144c17.67 0 32-14.33 32-32v-32c0-17.67-14.33-32-32-32z\"><\/path><\/svg><\/span>\n\t\t\t\t\t\t\t\t<span class=\"elementor-accordion-icon-opened\"><svg class=\"e-font-icon-svg e-fas-minus\" viewBox=\"0 0 448 512\" xmlns=\"http:\/\/www.w3.org\/2000\/svg\"><path d=\"M416 208H32c-17.67 0-32 14.33-32 32v32c0 17.67 14.33 32 32 32h384c17.67 0 32-14.33 32-32v-32c0-17.67-14.33-32-32-32z\"><\/path><\/svg><\/span>\n\t\t\t\t\t\t\t\t\t\t\t\t\t\t<\/span>\n\t\t\t\t\t\t\t\t\t\t\t\t<a class=\"elementor-accordion-title\" tabindex=\"0\">R\u00e9ussites cl\u00e9s<\/a>\n\t\t\t\t\t<\/div>\n\t\t\t\t\t<div id=\"elementor-tab-content-1901\" class=\"elementor-tab-content elementor-clearfix\" data-tab=\"1\" role=\"region\" aria-labelledby=\"elementor-tab-title-1901\"><ul><li>R\u00e9alisation hebdomadaire d\u2019activit\u00e9s p\u00e9dagogiques li\u00e9es \u00e0 l\u2019environnement pour les maternelles de la HTU de 2019 \u00e0 2020.<\/li><li>R\u00e9alisation d&rsquo;une formation sur l\u2019\u00e9ducation \u00e0 l&rsquo;environnement \u00e0 destination des professeurs de science \u00e0 la HTU et divers cursus \u00e0 la Palawan State University en 2019.<\/li><li>Cr\u00e9ation du Mois du Binturong, comprenant divers \u00e9v\u00e8nements, depuis 2023.<\/li><li>Mise en place d&rsquo;un partenariat avec la Palawan State University (PSU) depuis 2024.<\/li><li>R\u00e9alisation hebdomadaire d&rsquo;un programme \u00e9ducatif li\u00e9 \u00e0 l&rsquo;environnement \u00e0 la Irawan Elementary School, depuis 2024.<\/li><li>Cr\u00e9ation de partenariats en cours avec diff\u00e9rentes universit\u00e9s, comme la Holy Trinity University (HTU) et la Western Philippines University (WPU).<\/li><\/ul><\/div>\n\t\t\t\t<\/div>\n\t\t\t\t\t\t\t\t<\/div>\n\t\t\t\t\t\t<\/div>\n\t\t\t\t<\/div>\n\t\t\t\t\t<\/div>\n\t\t\t\t<\/div>\n\t\t<div class=\"elementor-element elementor-element-397c1f27 e-flex e-con-boxed e-con e-parent\" data-id=\"397c1f27\" data-element_type=\"container\" data-e-type=\"container\">\n\t\t\t\t\t<div class=\"e-con-inner\">\n\t\t\t\t<div class=\"elementor-element elementor-element-1df51cf8 elementor-widget elementor-widget-breadcrumbs\" data-id=\"1df51cf8\" data-element_type=\"widget\" data-e-type=\"widget\" data-widget_type=\"breadcrumbs.default\">\n\t\t\t\t\t<p id=\"breadcrumbs\"><span><span><a href=\"https:\/\/www.abconservation.org\/\">ACCUEIL<\/a><\/span><\/span><\/p>\t\t\t\t<\/div>\n\t\t\t\t\t<\/div>\n\t\t\t\t<\/div>\n\t\t<div class=\"elementor-element elementor-element-29675be0 e-flex e-con-boxed e-con e-parent\" data-id=\"29675be0\" data-element_type=\"container\" data-e-type=\"container\" data-settings=\"{&quot;background_background&quot;:&quot;classic&quot;}\">\n\t\t\t\t\t<div class=\"e-con-inner\">\n\t\t\t\t<div class=\"elementor-element elementor-element-542e8526 elementor-widget elementor-widget-heading\" data-id=\"542e8526\" data-element_type=\"widget\" data-e-type=\"widget\" data-widget_type=\"heading.default\">\n\t\t\t\t\t<h3 class=\"elementor-heading-title elementor-size-default\">Le challenge : la nature de plus en plus mal<\/h3>\t\t\t\t<\/div>\n\t\t\t\t<div class=\"elementor-element elementor-element-31f353 elementor-widget-divider--view-line elementor-widget elementor-widget-divider\" data-id=\"31f353\" data-element_type=\"widget\" data-e-type=\"widget\" data-widget_type=\"divider.default\">\n\t\t\t\t\t\t\t<div class=\"elementor-divider\">\n\t\t\t<span class=\"elementor-divider-separator\">\n\t\t\t\t\t\t<\/span>\n\t\t<\/div>\n\t\t\t\t\t\t<\/div>\n\t\t<div class=\"elementor-element elementor-element-c256a3c e-con-full e-flex e-con e-child\" data-id=\"c256a3c\" data-element_type=\"container\" data-e-type=\"container\">\n\t\t<div class=\"elementor-element elementor-element-190e7c33 e-con-full e-flex e-con e-child\" data-id=\"190e7c33\" data-element_type=\"container\" data-e-type=\"container\">\n\t\t\t\t<div class=\"elementor-element elementor-element-e6ebc78 elementor-widget elementor-widget-text-editor\" data-id=\"e6ebc78\" data-element_type=\"widget\" data-e-type=\"widget\" data-widget_type=\"text-editor.default\">\n\t\t\t\t\t\t\t\t\t<p>Notre plan\u00e8te fait actuellement face \u00e0 de nombreuses <b>menaces <\/b>telles que la <b>pollution <\/b>(air, eau, sol), la <b>d\u00e9forestation<\/b> ou encore le <b>changement<\/b> <b>climatique<\/b>. Face \u00e0 ce constat, il est donc primordial que nous prenions des initiatives. En effet, comme le disait <b>Robert Swan OBE, \u201cla plus grande menace pour notre plan\u00e8te est la croyance que quelqu\u2019un d\u2019autre la sauvera\u201d<\/b>. Que ce soit au niveau de notre consommation d\u2019\u00e9nergie ou de nourriture, de nombreux exemples prouvent que nous avons <b>tous le pouvoir d&rsquo;agir<\/b> quotidiennement de mani<span style=\"font-size: 1em; text-align: var(--text-align);\">\u00e8re\u00a0<\/span><span style=\"font-size: 1em; text-align: var(--text-align);\">plus respectueuse envers les Hommes et la Nature. <b>P<\/b><\/span><b><span style=\"font-size: 1em; text-align: var(--text-align);\">arce qu&rsquo;il n&rsquo;y en a qu&rsquo;une, p<\/span><span style=\"font-size: 1em; text-align: var(--text-align);\">rot<\/span><span style=\"font-size: 1em; text-align: var(--text-align);\">\u00e9geons notre plan\u00e8te Terre.<\/span><\/b><\/p>\t\t\t\t\t\t\t\t<\/div>\n\t\t\t\t<\/div>\n\t\t<div class=\"elementor-element elementor-element-68a8c2da e-con-full e-flex e-con e-child\" data-id=\"68a8c2da\" data-element_type=\"container\" data-e-type=\"container\">\n\t\t<div class=\"elementor-element elementor-element-23499021 e-con-full e-flex e-con e-child\" data-id=\"23499021\" data-element_type=\"container\" data-e-type=\"container\">\n\t\t\t\t<div class=\"elementor-element elementor-element-2f1b839d elementor-widget elementor-widget-image\" data-id=\"2f1b839d\" data-element_type=\"widget\" data-e-type=\"widget\" data-widget_type=\"image.default\">\n\t\t\t\t\t\t\t\t\t\t\t\t\t\t\t<img decoding=\"async\" width=\"452\" height=\"302\" src=\"https:\/\/www.abconservation.org\/wp-content\/uploads\/2025\/01\/bintuProg-v2.jpg\" class=\"attachment-large size-large wp-image-2333\" alt=\"\" srcset=\"https:\/\/www.abconservation.org\/wp-content\/uploads\/2025\/01\/bintuProg-v2.jpg 452w, https:\/\/www.abconservation.org\/wp-content\/uploads\/2025\/01\/bintuProg-v2-300x200.jpg 300w, https:\/\/www.abconservation.org\/wp-content\/uploads\/2025\/01\/bintuProg-v2-18x12.jpg 18w\" sizes=\"(max-width: 452px) 100vw, 452px\" \/>\t\t\t\t\t\t\t\t\t\t\t\t\t\t\t<\/div>\n\t\t\t\t<div class=\"elementor-element elementor-element-93181f2 elementor-widget elementor-widget-text-editor\" data-id=\"93181f2\" data-element_type=\"widget\" data-e-type=\"widget\" data-widget_type=\"text-editor.default\">\n\t\t\t\t\t\t\t\t\t<p>Photographie de d\u00e9tritus \u2013 for\u00eat d\u2019Aborlan, \u00eele de Palawan, Philippines. Cr\u00e9dit R. Perrucaud<\/p>\t\t\t\t\t\t\t\t<\/div>\n\t\t\t\t<\/div>\n\t\t\t\t<\/div>\n\t\t\t\t<\/div>\n\t\t\t\t\t<\/div>\n\t\t\t\t<\/div>\n\t\t<div class=\"elementor-element elementor-element-4365bf7 e-flex e-con-boxed e-con e-parent\" data-id=\"4365bf7\" data-element_type=\"container\" data-e-type=\"container\" data-settings=\"{&quot;background_background&quot;:&quot;classic&quot;}\">\n\t\t\t\t\t<div class=\"e-con-inner\">\n\t\t\t\t<div class=\"elementor-element elementor-element-816a5e9 elementor-widget elementor-widget-heading\" data-id=\"816a5e9\" data-element_type=\"widget\" data-e-type=\"widget\" data-widget_type=\"heading.default\">\n\t\t\t\t\t<h3 class=\"elementor-heading-title elementor-size-default\">Buts : sensibiliser et passer \u00e0 l'action<\/h3>\t\t\t\t<\/div>\n\t\t\t\t<div class=\"elementor-element elementor-element-163119a elementor-widget-divider--view-line elementor-widget elementor-widget-divider\" data-id=\"163119a\" data-element_type=\"widget\" data-e-type=\"widget\" data-widget_type=\"divider.default\">\n\t\t\t\t\t\t\t<div class=\"elementor-divider\">\n\t\t\t<span class=\"elementor-divider-separator\">\n\t\t\t\t\t\t<\/span>\n\t\t<\/div>\n\t\t\t\t\t\t<\/div>\n\t\t<div class=\"elementor-element elementor-element-4b3933b e-con-full e-flex e-con e-child\" data-id=\"4b3933b\" data-element_type=\"container\" data-e-type=\"container\">\n\t\t<div class=\"elementor-element elementor-element-42eda7f e-con-full e-flex e-con e-child\" data-id=\"42eda7f\" data-element_type=\"container\" data-e-type=\"container\">\n\t\t<div class=\"elementor-element elementor-element-dbf57dd e-con-full e-flex e-con e-child\" data-id=\"dbf57dd\" data-element_type=\"container\" data-e-type=\"container\">\n\t\t\t\t<div class=\"elementor-element elementor-element-607a03f elementor-widget elementor-widget-image\" data-id=\"607a03f\" data-element_type=\"widget\" data-e-type=\"widget\" data-widget_type=\"image.default\">\n\t\t\t\t\t\t\t\t\t\t\t\t\t\t\t<img decoding=\"async\" width=\"452\" height=\"302\" src=\"https:\/\/www.abconservation.org\/wp-content\/uploads\/2025\/01\/sensibiP1-v2.jpg\" class=\"attachment-large size-large wp-image-2335\" alt=\"\" srcset=\"https:\/\/www.abconservation.org\/wp-content\/uploads\/2025\/01\/sensibiP1-v2.jpg 452w, https:\/\/www.abconservation.org\/wp-content\/uploads\/2025\/01\/sensibiP1-v2-300x200.jpg 300w, https:\/\/www.abconservation.org\/wp-content\/uploads\/2025\/01\/sensibiP1-v2-18x12.jpg 18w\" sizes=\"(max-width: 452px) 100vw, 452px\" \/>\t\t\t\t\t\t\t\t\t\t\t\t\t\t\t<\/div>\n\t\t\t\t<div class=\"elementor-element elementor-element-740b239 elementor-widget elementor-widget-text-editor\" data-id=\"740b239\" data-element_type=\"widget\" data-e-type=\"widget\" data-widget_type=\"text-editor.default\">\n\t\t\t\t\t\t\t\t\t<p>Plantation d\u2019arbre \u2013 \u00eele de Palawan, Philippines. Cr\u00e9dit M. Vergniol<\/p>\t\t\t\t\t\t\t\t<\/div>\n\t\t\t\t<\/div>\n\t\t\t\t<\/div>\n\t\t<div class=\"elementor-element elementor-element-cc5d252 e-con-full e-flex e-con e-child\" data-id=\"cc5d252\" data-element_type=\"container\" data-e-type=\"container\">\n\t\t\t\t<div class=\"elementor-element elementor-element-7056e9e elementor-widget elementor-widget-text-editor\" data-id=\"7056e9e\" data-element_type=\"widget\" data-e-type=\"widget\" data-widget_type=\"text-editor.default\">\n\t\t\t\t\t\t\t\t\t<p>Ce programme a deux buts\u00a0<span style=\"text-align: var(--text-align); font-size: 1rem;\">principaux\u00a0<\/span><span style=\"text-align: var(--text-align); font-size: 1rem;\">:<\/span><\/p><ul><li><strong>Sensibiliser<\/strong> de fa\u00e7on durable le plus de personnes possible, de tout \u00e2ge et de toute provenance. G\u00e9n\u00e9rer de la curiosit\u00e9 vis-\u00e0-vis de la biodiversit\u00e9\u00a0qui nous environne, c&rsquo;est aussi r\u00e9aliser\u00a0son importance.\u00a0En effet, nous sommes d\u00e9pendants\u00a0de la Nature et de son bon fonctionnement.\u00a0En prenant conscience de notre impact, nous pouvons tous agir de fa\u00e7on positive pour contrer les menaces auxquelles notre Plan\u00e8te\u00a0fait face.<\/li><li><strong>G\u00e9n\u00e9rer des actions concr\u00e8tes<\/strong> pour la protection et la conservation de l&rsquo;environnement avec l\u2019initiation au z\u00e9ro-d\u00e9chet, au concept de consomm\u2019acteurs (choisir de la nourriture locale et de saison par exemple), \u00e0 la plantation d\u2019arbres d\u2019esp\u00e8ces locales ou \u00e0 une consommation d\u2019eau et d\u2019\u00e9lectricit\u00e9 plus \u00e9co-responsable.<\/li><\/ul>\t\t\t\t\t\t\t\t<\/div>\n\t\t\t\t<\/div>\n\t\t\t\t<\/div>\n\t\t\t\t\t<\/div>\n\t\t\t\t<\/div>\n\t\t<div class=\"elementor-element elementor-element-6bee1a73 e-flex e-con-boxed e-con e-parent\" data-id=\"6bee1a73\" data-element_type=\"container\" data-e-type=\"container\" data-settings=\"{&quot;background_background&quot;:&quot;classic&quot;}\">\n\t\t\t\t\t<div class=\"e-con-inner\">\n\t\t\t\t<div class=\"elementor-element elementor-element-67969783 elementor-widget elementor-widget-heading\" data-id=\"67969783\" data-element_type=\"widget\" data-e-type=\"widget\" data-widget_type=\"heading.default\">\n\t\t\t\t\t<h3 class=\"elementor-heading-title elementor-size-default\">Notre action : r\u00e9fl\u00e9chir \u00e0 des solutions concr\u00e8tes et agir avec des actions locales<\/h3>\t\t\t\t<\/div>\n\t\t\t\t<div class=\"elementor-element elementor-element-801adb7 elementor-widget-divider--view-line elementor-widget elementor-widget-divider\" data-id=\"801adb7\" data-element_type=\"widget\" data-e-type=\"widget\" data-widget_type=\"divider.default\">\n\t\t\t\t\t\t\t<div class=\"elementor-divider\">\n\t\t\t<span class=\"elementor-divider-separator\">\n\t\t\t\t\t\t<\/span>\n\t\t<\/div>\n\t\t\t\t\t\t<\/div>\n\t\t<div class=\"elementor-element elementor-element-7e82ee45 e-con-full e-flex e-con e-child\" data-id=\"7e82ee45\" data-element_type=\"container\" data-e-type=\"container\">\n\t\t\t\t<div class=\"elementor-element elementor-element-214cb60 elementor-widget elementor-widget-text-editor\" data-id=\"214cb60\" data-element_type=\"widget\" data-e-type=\"widget\" data-widget_type=\"text-editor.default\">\n\t\t\t\t\t\t\t\t\t<p>Afin d\u2019atteindre ces objectifs, ABConservation pr\u00e9voit de cr\u00e9er plusieurs actions avec des partenaires locaux actuels ou en d\u00e9veloppement.<\/p>\t\t\t\t\t\t\t\t<\/div>\n\t\t\t\t<\/div>\n\t\t<div class=\"elementor-element elementor-element-b2479a8 e-con-full e-flex e-con e-child\" data-id=\"b2479a8\" data-element_type=\"container\" data-e-type=\"container\">\n\t\t<div class=\"elementor-element elementor-element-951788f e-con-full e-flex e-con e-child\" data-id=\"951788f\" data-element_type=\"container\" data-e-type=\"container\">\n\t\t<div class=\"elementor-element elementor-element-5da33f49 e-con-full e-flex e-con e-child\" data-id=\"5da33f49\" data-element_type=\"container\" data-e-type=\"container\">\n\t\t\t\t<div class=\"elementor-element elementor-element-4d8505bb elementor-widget elementor-widget-image\" data-id=\"4d8505bb\" data-element_type=\"widget\" data-e-type=\"widget\" data-widget_type=\"image.default\">\n\t\t\t\t\t\t\t\t\t\t\t\t\t\t\t<img loading=\"lazy\" decoding=\"async\" width=\"800\" height=\"556\" src=\"https:\/\/www.abconservation.org\/wp-content\/uploads\/2025\/02\/PRGM-educatif-rogne.jpg\" class=\"attachment-large size-large wp-image-3890\" alt=\"\" srcset=\"https:\/\/www.abconservation.org\/wp-content\/uploads\/2025\/02\/PRGM-educatif-rogne.jpg 975w, https:\/\/www.abconservation.org\/wp-content\/uploads\/2025\/02\/PRGM-educatif-rogne-300x209.jpg 300w, https:\/\/www.abconservation.org\/wp-content\/uploads\/2025\/02\/PRGM-educatif-rogne-768x534.jpg 768w, https:\/\/www.abconservation.org\/wp-content\/uploads\/2025\/02\/PRGM-educatif-rogne-18x12.jpg 18w\" sizes=\"(max-width: 800px) 100vw, 800px\" \/>\t\t\t\t\t\t\t\t\t\t\t\t\t\t\t<\/div>\n\t\t\t\t<div class=\"elementor-element elementor-element-f01b44 elementor-widget elementor-widget-text-editor\" data-id=\"f01b44\" data-element_type=\"widget\" data-e-type=\"widget\" data-widget_type=\"text-editor.default\">\n\t\t\t\t\t\t\t\t\t<p>Cours donn\u00e9 dans l&rsquo;\u00e9cole primaire d&rsquo;Irawan, Puerto Princesa City, Palawan. Cr\u00e9dit L. Chatagnat.<\/p>\t\t\t\t\t\t\t\t<\/div>\n\t\t\t\t<\/div>\n\t\t\t\t<\/div>\n\t\t<div class=\"elementor-element elementor-element-38364e3 e-con-full e-flex e-con e-child\" data-id=\"38364e3\" data-element_type=\"container\" data-e-type=\"container\">\n\t\t\t\t<div class=\"elementor-element elementor-element-152fbd87 elementor-widget elementor-widget-heading\" data-id=\"152fbd87\" data-element_type=\"widget\" data-e-type=\"widget\" data-widget_type=\"heading.default\">\n\t\t\t\t\t<h5 class=\"elementor-heading-title elementor-size-default\">Programme \u00e9ducatif dans les \u00e9coles<\/h5>\t\t\t\t<\/div>\n\t\t\t\t<div class=\"elementor-element elementor-element-3ada4e49 elementor-widget elementor-widget-text-editor\" data-id=\"3ada4e49\" data-element_type=\"widget\" data-e-type=\"widget\" data-widget_type=\"text-editor.default\">\n\t\t\t\t\t\t\t\t\t<p>L&rsquo;ann<span style=\"font-size: 1em; text-align: var(--text-align);\">\u00e9e derni<\/span><span style=\"font-size: 1em; text-align: var(--text-align);\">\u00e8re<\/span><span style=\"font-size: 1em; text-align: var(--text-align);\">, nous avons cr\u00e9\u00e9 un <\/span><strong style=\"font-size: 1em; text-align: var(--text-align);\">programme d\u2019\u00e9ducation environnementale<\/strong><span style=\"font-size: 1em; text-align: var(--text-align);\"> \u00e0 destination des \u00e9coles primaires. Ainsi, depuis novembre 2024, nous organisons des cours de mani\u00e8re hebdomadaire \u00e0 l\u2019\u00e9cole primaire d\u2019Irawan. Le programme comprend 5 th\u00e8mes : Environnement, Contamination <\/span><span style=\"font-size: 1em; text-align: var(--text-align);\">et d\u00e9chets ; Protection de l\u2019environnement ; Qualit\u00e9 de l\u2019environnement ; Climats et ph\u00e9nom\u00e8nes naturels ; Ressources naturelles. A travers ce projet, les objectifs sont de faire prendre conscience des <strong>enjeux environnementaux<\/strong>, d\u2019apporter une compr\u00e9hension des <strong>syst\u00e8mes naturels<\/strong>, de d\u00e9velopper et diversifier les <strong>comp\u00e9tences<\/strong> li\u00e9es \u00e0 l\u2019environnement (r\u00e9duction des d\u00e9chets, efficacit\u00e9 \u00e9nerg\u00e9tique&#8230;), ainsi que de promouvoir des <strong>modes de<\/strong> <strong>vie durables<\/strong>.<\/span><\/p><p>L&rsquo;objectif est d&rsquo;\u00e9tendre ce programme \u00e0 un plus grand nombre d&rsquo;\u00e9tablissements scolaires. Nous souhaiterions\u00a0<span style=\"font-size: 1em; text-align: var(--text-align);\">\u00e9<\/span><span style=\"font-size: 1em; text-align: var(--text-align);\">galement former les enseignants afin de leur permettre de poursuivre de mani\u00e8re <\/span><strong style=\"font-size: 1em; text-align: var(--text-align);\">autonome<\/strong><span style=\"font-size: 1em; text-align: var(--text-align);\"> les actions de <strong>sensibilisation \u00e0 l\u2019environnement<\/strong>.<\/span><\/p>\t\t\t\t\t\t\t\t<\/div>\n\t\t\t\t<\/div>\n\t\t\t\t<\/div>\n\t\t<div class=\"elementor-element elementor-element-4d25218d e-con-full e-flex e-con e-child\" data-id=\"4d25218d\" data-element_type=\"container\" data-e-type=\"container\">\n\t\t<div class=\"elementor-element elementor-element-3c8d7d11 e-con-full e-flex e-con e-child\" data-id=\"3c8d7d11\" data-element_type=\"container\" data-e-type=\"container\">\n\t\t\t\t<div class=\"elementor-element elementor-element-3c25345e elementor-widget elementor-widget-heading\" data-id=\"3c25345e\" data-element_type=\"widget\" data-e-type=\"widget\" data-widget_type=\"heading.default\">\n\t\t\t\t\t<h5 class=\"elementor-heading-title elementor-size-default\">Mois du Binturong<\/h5>\t\t\t\t<\/div>\n\t\t\t\t<div class=\"elementor-element elementor-element-5e1b3b21 elementor-widget elementor-widget-text-editor\" data-id=\"5e1b3b21\" data-element_type=\"widget\" data-e-type=\"widget\" data-widget_type=\"text-editor.default\">\n\t\t\t\t\t\t\t\t\t<p>Dans la\u00a0m\u00eame lanc<span style=\"font-size: 1em; text-align: var(--text-align);\">\u00e9e que<\/span><span style=\"font-size: 1em; text-align: var(--text-align);\">\u00a0la\u00a0<\/span><a style=\"background-color: #ffffff; font-size: 1em; text-align: var(--text-align);\" href=\"https:\/\/www.abconservation.org\/fr\/evenements\/la-journee-mondiale-du-binturong\/\">Journ\u00e9e Mondiale du Binturong<\/a><span style=\"font-size: 1em; text-align: var(--text-align);\">, c\u00e9l\u00e9br\u00e9e chaque ann\u00e9e le deuxi\u00e8me samedi de mai, nous mettons en place, tout au long de ce mois, un ensemble d&rsquo;\u00e9v\u00e9nements destin\u00e9s \u00e0 sensibiliser diff\u00e9rents publics au sein des \u00e9tablissements scolaires, des universit\u00e9s et des communaut\u00e9s locales. \u00c0 cette occasion, diverses activit\u00e9s p\u00e9dagogiques et de sensibilisation sont \u00e9labor\u00e9es afin de mettre en lumi<\/span><span style=\"font-size: 1em; text-align: var(--text-align);\">\u00e8re<\/span><span style=\"font-size: 1em; text-align: var(--text-align);\">\u00a0le binturong, d&rsquo;informer sur les menaces qui p\u00e8sent sur lui et, plus largement, de promouvoir une\u00a0<\/span><span style=\"font-weight: bolder; font-size: 1em; text-align: var(--text-align);\">prise de conscience des enjeux environnementaux<\/span><span style=\"font-size: 1em; text-align: var(--text-align);\">. Une attention particuli\u00e8re est accord\u00e9e aux solutions et<\/span><span style=\"font-weight: bolder; font-size: 1em; text-align: var(--text-align);\">\u00a0actions concr\u00e8tes<\/span><span style=\"font-size: 1em; text-align: var(--text-align);\">\u00a0que chacun peut entreprendre \u00e0 son niveau, pour contribuer \u00e0 la\u00a0<span style=\"font-weight: bolder;\">pr\u00e9servation<\/span>\u00a0de la biodiversit\u00e9 et de l\u2019environnement.<\/span><\/p><p><span style=\"font-size: 1em; text-align: var(--text-align);\">En dehors de ce mois, nous organisons \u00e9galement de mani\u00e8re ponctuelle des activit\u00e9s de sensibilisation dans les \u00e9coles, les universit\u00e9s, les communaut\u00e9s locales et lors d\u2019\u00e9v\u00e8nements en lien \u00e0 l\u2019environnement.<\/span><\/p>\t\t\t\t\t\t\t\t<\/div>\n\t\t\t\t<\/div>\n\t\t<div class=\"elementor-element elementor-element-57689d69 e-con-full e-flex e-con e-child\" data-id=\"57689d69\" data-element_type=\"container\" data-e-type=\"container\">\n\t\t<div class=\"elementor-element elementor-element-1bf449be e-con-full e-flex e-con e-child\" data-id=\"1bf449be\" data-element_type=\"container\" data-e-type=\"container\">\n\t\t\t\t<div class=\"elementor-element elementor-element-4216f4a7 elementor-widget elementor-widget-image\" data-id=\"4216f4a7\" data-element_type=\"widget\" data-e-type=\"widget\" data-widget_type=\"image.default\">\n\t\t\t\t\t\t\t\t\t\t\t\t\t\t\t<img loading=\"lazy\" decoding=\"async\" width=\"800\" height=\"483\" src=\"https:\/\/www.abconservation.org\/wp-content\/uploads\/2025\/02\/IMG_9188-e1738894390832.jpg\" class=\"attachment-large size-large wp-image-3744\" alt=\"\" srcset=\"https:\/\/www.abconservation.org\/wp-content\/uploads\/2025\/02\/IMG_9188-e1738894390832.jpg 875w, https:\/\/www.abconservation.org\/wp-content\/uploads\/2025\/02\/IMG_9188-e1738894390832-300x181.jpg 300w, https:\/\/www.abconservation.org\/wp-content\/uploads\/2025\/02\/IMG_9188-e1738894390832-768x463.jpg 768w, https:\/\/www.abconservation.org\/wp-content\/uploads\/2025\/02\/IMG_9188-e1738894390832-18x12.jpg 18w\" sizes=\"(max-width: 800px) 100vw, 800px\" \/>\t\t\t\t\t\t\t\t\t\t\t\t\t\t\t<\/div>\n\t\t\t\t<div class=\"elementor-element elementor-element-2a5007ce elementor-widget elementor-widget-text-editor\" data-id=\"2a5007ce\" data-element_type=\"widget\" data-e-type=\"widget\" data-widget_type=\"text-editor.default\">\n\t\t\t\t\t\t\t\t\t<p>Binturong Month 2024 dans la communaut\u00e9 de Langogan. Cr\u00e9dit D. Pagal.<\/p>\t\t\t\t\t\t\t\t<\/div>\n\t\t\t\t<\/div>\n\t\t<div class=\"elementor-element elementor-element-cb8bf33 e-con-full e-flex e-con e-child\" data-id=\"cb8bf33\" data-element_type=\"container\" data-e-type=\"container\">\n\t\t\t\t<div class=\"elementor-element elementor-element-1fa7628 elementor-widget elementor-widget-image\" data-id=\"1fa7628\" data-element_type=\"widget\" data-e-type=\"widget\" data-widget_type=\"image.default\">\n\t\t\t\t\t\t\t\t\t\t\t\t\t\t\t<img loading=\"lazy\" decoding=\"async\" width=\"800\" height=\"484\" src=\"https:\/\/www.abconservation.org\/wp-content\/uploads\/2025\/02\/PHOTO-escape-game-2.jpg\" class=\"attachment-large size-large wp-image-4061\" alt=\"\" srcset=\"https:\/\/www.abconservation.org\/wp-content\/uploads\/2025\/02\/PHOTO-escape-game-2.jpg 875w, https:\/\/www.abconservation.org\/wp-content\/uploads\/2025\/02\/PHOTO-escape-game-2-300x181.jpg 300w, https:\/\/www.abconservation.org\/wp-content\/uploads\/2025\/02\/PHOTO-escape-game-2-768x464.jpg 768w, https:\/\/www.abconservation.org\/wp-content\/uploads\/2025\/02\/PHOTO-escape-game-2-18x12.jpg 18w\" sizes=\"(max-width: 800px) 100vw, 800px\" \/>\t\t\t\t\t\t\t\t\t\t\t\t\t\t\t<\/div>\n\t\t\t\t<div class=\"elementor-element elementor-element-9028b0b elementor-widget elementor-widget-text-editor\" data-id=\"9028b0b\" data-element_type=\"widget\" data-e-type=\"widget\" data-widget_type=\"text-editor.default\">\n\t\t\t\t\t\t\t\t\t<p>Escape game \u00e0 la Palawan State University, Binturong Month 2024. Cr\u00e9dit J. R. Fontanilla.<\/p>\t\t\t\t\t\t\t\t<\/div>\n\t\t\t\t<\/div>\n\t\t\t\t<\/div>\n\t\t\t\t<\/div>\n\t\t\t\t\t<\/div>\n\t\t\t\t<\/div>\n\t\t<div class=\"elementor-element elementor-element-6482acf5 e-flex e-con-boxed e-con e-parent\" data-id=\"6482acf5\" data-element_type=\"container\" data-e-type=\"container\" data-settings=\"{&quot;background_background&quot;:&quot;classic&quot;}\">\n\t\t\t\t\t<div class=\"e-con-inner\">\n\t\t\t\t<div class=\"elementor-element elementor-element-77b55a78 elementor-widget elementor-widget-heading\" data-id=\"77b55a78\" data-element_type=\"widget\" data-e-type=\"widget\" data-widget_type=\"heading.default\">\n\t\t\t\t\t<h3 class=\"elementor-heading-title elementor-size-default\">Les acteurs sur le terrain : une \u00e9quipe de choc et des partenaires locaux essentiels<\/h3>\t\t\t\t<\/div>\n\t\t\t\t<div class=\"elementor-element elementor-element-5f054d69 elementor-widget-divider--view-line elementor-widget elementor-widget-divider\" data-id=\"5f054d69\" data-element_type=\"widget\" data-e-type=\"widget\" data-widget_type=\"divider.default\">\n\t\t\t\t\t\t\t<div class=\"elementor-divider\">\n\t\t\t<span class=\"elementor-divider-separator\">\n\t\t\t\t\t\t<\/span>\n\t\t<\/div>\n\t\t\t\t\t\t<\/div>\n\t\t<div class=\"elementor-element elementor-element-67b90789 e-con-full e-flex e-con e-child\" data-id=\"67b90789\" data-element_type=\"container\" data-e-type=\"container\">\n\t\t<div class=\"elementor-element elementor-element-746fa6e8 e-con-full e-flex e-con e-child\" data-id=\"746fa6e8\" data-element_type=\"container\" data-e-type=\"container\">\n\t\t\t\t<div class=\"elementor-element elementor-element-4bc0c04 elementor-widget elementor-widget-text-editor\" data-id=\"4bc0c04\" data-element_type=\"widget\" data-e-type=\"widget\" data-widget_type=\"text-editor.default\">\n\t\t\t\t\t\t\t\t\t<p>Actuellement aux Philippines, deux personnes sont\u00a0\u00e0 la\u00a0t\u00eate du programme\u00a0\u00e9ducatif :<\/p><ul><li>\u00a0Ameline Roger, charg\u00e9e de projet, co-responsable du programme \u00e9ducatif ;<\/li><li>Darlyn Sylvestre, Assistante de projet, co-responsable du programme \u00e9ducatif.<\/li><\/ul><div>\u00a0<\/div><div>Elles sont \u00e9galement soutenues par des b\u00e9n\u00e9voles multi-nationaux qui les accompagnent dans de nombreuses interventions p\u00e9dagogiques tout au long de l&rsquo;ann\u00e9e.<\/div><div>\u00a0<\/div><p>Ces diff\u00e9rents projets n\u2019auraient pas vu le jour sans l\u2019aide de : Ma&rsquo;am Laida Mascarenas (DepEd), Atty Carlo Gomez et Myla Adriano (City ENRO), Lota Alcantara-Creencia (WPU), Dr. Ronald Edilberto A. Ona et Angelo Garcia (PSU), Jocilyn Alonzaga (Kiwanis Young Professional) ainsi que Mme Villaos et Mme Rodriguez (PCSD).<\/p>\t\t\t\t\t\t\t\t<\/div>\n\t\t\t\t<div class=\"elementor-element elementor-element-4ececc24 elementor-align-center elementor-widget elementor-widget-button\" data-id=\"4ececc24\" data-element_type=\"widget\" data-e-type=\"widget\" data-widget_type=\"button.default\">\n\t\t\t\t\t\t\t\t\t\t<a class=\"elementor-button elementor-button-link elementor-size-sm\" href=\"https:\/\/www.abconservation.org\/fr\/lasso\/nos-partenaires\/\">\n\t\t\t\t\t\t<span class=\"elementor-button-content-wrapper\">\n\t\t\t\t\t\t<span class=\"elementor-button-icon\">\n\t\t\t\t<svg aria-hidden=\"true\" class=\"e-font-icon-svg e-fas-handshake\" viewBox=\"0 0 640 512\" xmlns=\"http:\/\/www.w3.org\/2000\/svg\"><path d=\"M434.7 64h-85.9c-8 0-15.7 3-21.6 8.4l-98.3 90c-.1.1-.2.3-.3.4-16.6 15.6-16.3 40.5-2.1 56 12.7 13.9 39.4 17.6 56.1 2.7.1-.1.3-.1.4-.2l79.9-73.2c6.5-5.9 16.7-5.5 22.6 1 6 6.5 5.5 16.6-1 22.6l-26.1 23.9L504 313.8c2.9 2.4 5.5 5 7.9 7.7V128l-54.6-54.6c-5.9-6-14.1-9.4-22.6-9.4zM544 128.2v223.9c0 17.7 14.3 32 32 32h64V128.2h-96zm48 223.9c-8.8 0-16-7.2-16-16s7.2-16 16-16 16 7.2 16 16-7.2 16-16 16zM0 384h64c17.7 0 32-14.3 32-32V128.2H0V384zm48-63.9c8.8 0 16 7.2 16 16s-7.2 16-16 16-16-7.2-16-16c0-8.9 7.2-16 16-16zm435.9 18.6L334.6 217.5l-30 27.5c-29.7 27.1-75.2 24.5-101.7-4.4-26.9-29.4-24.8-74.9 4.4-101.7L289.1 64h-83.8c-8.5 0-16.6 3.4-22.6 9.4L128 128v223.9h18.3l90.5 81.9c27.4 22.3 67.7 18.1 90-9.3l.2-.2 17.9 15.5c15.9 13 39.4 10.5 52.3-5.4l31.4-38.6 5.4 4.4c13.7 11.1 33.9 9.1 45-4.7l9.5-11.7c11.2-13.8 9.1-33.9-4.6-45.1z\"><\/path><\/svg>\t\t\t<\/span>\n\t\t\t\t\t\t\t\t\t<span class=\"elementor-button-text\">NOS PARTENAIRES<\/span>\n\t\t\t\t\t<\/span>\n\t\t\t\t\t<\/a>\n\t\t\t\t\t\t\t\t<\/div>\n\t\t\t\t<\/div>\n\t\t\t\t<\/div>\n\t\t\t\t\t<\/div>\n\t\t\t\t<\/div>\n\t\t\t\t<\/div>\n\t\t","protected":false},"excerpt":{"rendered":"<p>Former \u00e0 l&rsquo;importance de la nature Education et sensibilisation aux Philippines \/\/ From Awareness to Actions for Nature Conservation Depuis 2019Ile de Palawan, Philippines Ce programme a pour but de sensibiliser le grand public \u00e0 l\u2019importance de la Nature et aux menaces qui p\u00e8sent sur elle. Il vise ainsi \u00e0 g\u00e9n\u00e9rer des actions et solutions [&hellip;]<\/p>\n","protected":false},"author":1,"featured_media":0,"parent":624,"menu_order":2,"comment_status":"closed","ping_status":"closed","template":"elementor_header_footer","meta":{"footnotes":""},"class_list":["post-2275","page","type-page","status-publish","hentry"],"yoast_head":"<!-- This site is optimized with the Yoast SEO plugin v27.5 - https:\/\/yoast.com\/product\/yoast-seo-wordpress\/ -->\n<title>EDUCATION ET SENSIBILISATION AUX PHILIPPINES - ABConservation<\/title>\n<meta name=\"description\" content=\"ABConservation est l&#039;association d\u00e9di\u00e9e \u00e0 la protection du binturong. D\u00e9couvrez nos programmes de sensibilisation aux Philippines.\" \/>\n<meta name=\"robots\" content=\"index, follow, max-snippet:-1, max-image-preview:large, max-video-preview:-1\" \/>\n<link rel=\"canonical\" href=\"https:\/\/www.abconservation.org\/fr\/projets\/education-et-sensibilisation\/education-et-sensibilisation-aux-philippines\/\" \/>\n<meta property=\"og:locale\" content=\"fr_FR\" \/>\n<meta property=\"og:type\" content=\"article\" \/>\n<meta property=\"og:title\" content=\"EDUCATION ET SENSIBILISATION AUX PHILIPPINES - ABConservation\" \/>\n<meta property=\"og:description\" content=\"ABConservation est l&#039;association d\u00e9di\u00e9e \u00e0 la protection du binturong. D\u00e9couvrez nos programmes de sensibilisation aux Philippines.\" \/>\n<meta property=\"og:url\" content=\"https:\/\/www.abconservation.org\/fr\/projets\/education-et-sensibilisation\/education-et-sensibilisation-aux-philippines\/\" \/>\n<meta property=\"og:site_name\" content=\"ABConservation\" \/>\n<meta property=\"article:publisher\" content=\"https:\/\/www.facebook.com\/ABConservation\" \/>\n<meta property=\"article:modified_time\" content=\"2026-01-13T09:54:24+00:00\" \/>\n<meta property=\"og:image\" content=\"https:\/\/www.abconservation.org\/wp-content\/uploads\/2024\/12\/Project_sensibilisation-V3.jpg\" \/>\n\t<meta property=\"og:image:width\" content=\"650\" \/>\n\t<meta property=\"og:image:height\" content=\"430\" \/>\n\t<meta property=\"og:image:type\" content=\"image\/jpeg\" \/>\n<meta name=\"twitter:card\" content=\"summary_large_image\" \/>\n<meta name=\"twitter:label1\" content=\"Dur\u00e9e de lecture estim\u00e9e\" \/>\n\t<meta name=\"twitter:data1\" content=\"5 minutes\" \/>\n<script type=\"application\/ld+json\" class=\"yoast-schema-graph\">{\"@context\":\"https:\\\/\\\/schema.org\",\"@graph\":[{\"@type\":\"WebPage\",\"@id\":\"https:\\\/\\\/www.abconservation.org\\\/fr\\\/projets\\\/education-et-sensibilisation\\\/education-et-sensibilisation-aux-philippines\\\/\",\"url\":\"https:\\\/\\\/www.abconservation.org\\\/fr\\\/projets\\\/education-et-sensibilisation\\\/education-et-sensibilisation-aux-philippines\\\/\",\"name\":\"EDUCATION ET SENSIBILISATION AUX PHILIPPINES - ABConservation\",\"isPartOf\":{\"@id\":\"https:\\\/\\\/www.abconservation.org\\\/#website\"},\"primaryImageOfPage\":{\"@id\":\"https:\\\/\\\/www.abconservation.org\\\/fr\\\/projets\\\/education-et-sensibilisation\\\/education-et-sensibilisation-aux-philippines\\\/#primaryimage\"},\"image\":{\"@id\":\"https:\\\/\\\/www.abconservation.org\\\/fr\\\/projets\\\/education-et-sensibilisation\\\/education-et-sensibilisation-aux-philippines\\\/#primaryimage\"},\"thumbnailUrl\":\"https:\\\/\\\/www.abconservation.org\\\/wp-content\\\/uploads\\\/2024\\\/12\\\/Project_sensibilisation-V3.jpg\",\"datePublished\":\"2025-01-12T14:32:02+00:00\",\"dateModified\":\"2026-01-13T09:54:24+00:00\",\"description\":\"ABConservation est l'association d\u00e9di\u00e9e \u00e0 la protection du binturong. D\u00e9couvrez nos programmes de sensibilisation aux Philippines.\",\"breadcrumb\":{\"@id\":\"https:\\\/\\\/www.abconservation.org\\\/fr\\\/projets\\\/education-et-sensibilisation\\\/education-et-sensibilisation-aux-philippines\\\/#breadcrumb\"},\"inLanguage\":\"fr-FR\",\"potentialAction\":[{\"@type\":\"ReadAction\",\"target\":[\"https:\\\/\\\/www.abconservation.org\\\/fr\\\/projets\\\/education-et-sensibilisation\\\/education-et-sensibilisation-aux-philippines\\\/\"]}]},{\"@type\":\"ImageObject\",\"inLanguage\":\"fr-FR\",\"@id\":\"https:\\\/\\\/www.abconservation.org\\\/fr\\\/projets\\\/education-et-sensibilisation\\\/education-et-sensibilisation-aux-philippines\\\/#primaryimage\",\"url\":\"https:\\\/\\\/www.abconservation.org\\\/wp-content\\\/uploads\\\/2024\\\/12\\\/Project_sensibilisation-V3.jpg\",\"contentUrl\":\"https:\\\/\\\/www.abconservation.org\\\/wp-content\\\/uploads\\\/2024\\\/12\\\/Project_sensibilisation-V3.jpg\"},{\"@type\":\"BreadcrumbList\",\"@id\":\"https:\\\/\\\/www.abconservation.org\\\/fr\\\/projets\\\/education-et-sensibilisation\\\/education-et-sensibilisation-aux-philippines\\\/#breadcrumb\",\"itemListElement\":[{\"@type\":\"ListItem\",\"position\":1,\"name\":\"ACCUEIL\",\"item\":\"https:\\\/\\\/www.abconservation.org\\\/\"},{\"@type\":\"ListItem\",\"position\":2,\"name\":\"PROJETS\",\"item\":\"https:\\\/\\\/www.abconservation.org\\\/fr\\\/projets\\\/\"},{\"@type\":\"ListItem\",\"position\":3,\"name\":\"EDUCATION ET SENSIBILISATION\",\"item\":\"https:\\\/\\\/www.abconservation.org\\\/projets\\\/education-et-sensibilisation\\\/\"},{\"@type\":\"ListItem\",\"position\":4,\"name\":\"EDUCATION ET SENSIBILISATION AUX PHILIPPINES\"}]},{\"@type\":\"WebSite\",\"@id\":\"https:\\\/\\\/www.abconservation.org\\\/#website\",\"url\":\"https:\\\/\\\/www.abconservation.org\\\/\",\"name\":\"ABConservation\",\"description\":\"Etudier, sensibiliser, prot\u00e9ger\",\"publisher\":{\"@id\":\"https:\\\/\\\/www.abconservation.org\\\/#organization\"},\"potentialAction\":[{\"@type\":\"SearchAction\",\"target\":{\"@type\":\"EntryPoint\",\"urlTemplate\":\"https:\\\/\\\/www.abconservation.org\\\/?s={search_term_string}\"},\"query-input\":{\"@type\":\"PropertyValueSpecification\",\"valueRequired\":true,\"valueName\":\"search_term_string\"}}],\"inLanguage\":\"fr-FR\"},{\"@type\":\"Organization\",\"@id\":\"https:\\\/\\\/www.abconservation.org\\\/#organization\",\"name\":\"ABConservation\",\"url\":\"https:\\\/\\\/www.abconservation.org\\\/\",\"logo\":{\"@type\":\"ImageObject\",\"inLanguage\":\"fr-FR\",\"@id\":\"https:\\\/\\\/www.abconservation.org\\\/#\\\/schema\\\/logo\\\/image\\\/\",\"url\":\"https:\\\/\\\/www.abconservation.org\\\/wp-content\\\/uploads\\\/2024\\\/07\\\/cropped-abconservation-home3.png\",\"contentUrl\":\"https:\\\/\\\/www.abconservation.org\\\/wp-content\\\/uploads\\\/2024\\\/07\\\/cropped-abconservation-home3.png\",\"width\":485,\"height\":134,\"caption\":\"ABConservation\"},\"image\":{\"@id\":\"https:\\\/\\\/www.abconservation.org\\\/#\\\/schema\\\/logo\\\/image\\\/\"},\"sameAs\":[\"https:\\\/\\\/www.facebook.com\\\/ABConservation\",\"https:\\\/\\\/www.instagram.com\\\/abconservation\\\/\",\"https:\\\/\\\/www.youtube.com\\\/channel\\\/UCXU_mrwJG4tK6NPGMlWJdsA\",\"https:\\\/\\\/www.linkedin.com\\\/company\\\/arctictis-binturong-conservation\"]}]}<\/script>\n<!-- \/ Yoast SEO plugin. -->","yoast_head_json":{"title":"EDUCATION ET SENSIBILISATION AUX PHILIPPINES - ABConservation","description":"ABConservation est l'association d\u00e9di\u00e9e \u00e0 la protection du binturong. D\u00e9couvrez nos programmes de sensibilisation aux Philippines.","robots":{"index":"index","follow":"follow","max-snippet":"max-snippet:-1","max-image-preview":"max-image-preview:large","max-video-preview":"max-video-preview:-1"},"canonical":"https:\/\/www.abconservation.org\/fr\/projets\/education-et-sensibilisation\/education-et-sensibilisation-aux-philippines\/","og_locale":"fr_FR","og_type":"article","og_title":"EDUCATION ET SENSIBILISATION AUX PHILIPPINES - ABConservation","og_description":"ABConservation est l'association d\u00e9di\u00e9e \u00e0 la protection du binturong. D\u00e9couvrez nos programmes de sensibilisation aux Philippines.","og_url":"https:\/\/www.abconservation.org\/fr\/projets\/education-et-sensibilisation\/education-et-sensibilisation-aux-philippines\/","og_site_name":"ABConservation","article_publisher":"https:\/\/www.facebook.com\/ABConservation","article_modified_time":"2026-01-13T09:54:24+00:00","og_image":[{"width":650,"height":430,"url":"https:\/\/www.abconservation.org\/wp-content\/uploads\/2024\/12\/Project_sensibilisation-V3.jpg","type":"image\/jpeg"}],"twitter_card":"summary_large_image","twitter_misc":{"Dur\u00e9e de lecture estim\u00e9e":"5 minutes"},"schema":{"@context":"https:\/\/schema.org","@graph":[{"@type":"WebPage","@id":"https:\/\/www.abconservation.org\/fr\/projets\/education-et-sensibilisation\/education-et-sensibilisation-aux-philippines\/","url":"https:\/\/www.abconservation.org\/fr\/projets\/education-et-sensibilisation\/education-et-sensibilisation-aux-philippines\/","name":"EDUCATION ET SENSIBILISATION AUX PHILIPPINES - ABConservation","isPartOf":{"@id":"https:\/\/www.abconservation.org\/#website"},"primaryImageOfPage":{"@id":"https:\/\/www.abconservation.org\/fr\/projets\/education-et-sensibilisation\/education-et-sensibilisation-aux-philippines\/#primaryimage"},"image":{"@id":"https:\/\/www.abconservation.org\/fr\/projets\/education-et-sensibilisation\/education-et-sensibilisation-aux-philippines\/#primaryimage"},"thumbnailUrl":"https:\/\/www.abconservation.org\/wp-content\/uploads\/2024\/12\/Project_sensibilisation-V3.jpg","datePublished":"2025-01-12T14:32:02+00:00","dateModified":"2026-01-13T09:54:24+00:00","description":"ABConservation est l'association d\u00e9di\u00e9e \u00e0 la protection du binturong. D\u00e9couvrez nos programmes de sensibilisation aux Philippines.","breadcrumb":{"@id":"https:\/\/www.abconservation.org\/fr\/projets\/education-et-sensibilisation\/education-et-sensibilisation-aux-philippines\/#breadcrumb"},"inLanguage":"fr-FR","potentialAction":[{"@type":"ReadAction","target":["https:\/\/www.abconservation.org\/fr\/projets\/education-et-sensibilisation\/education-et-sensibilisation-aux-philippines\/"]}]},{"@type":"ImageObject","inLanguage":"fr-FR","@id":"https:\/\/www.abconservation.org\/fr\/projets\/education-et-sensibilisation\/education-et-sensibilisation-aux-philippines\/#primaryimage","url":"https:\/\/www.abconservation.org\/wp-content\/uploads\/2024\/12\/Project_sensibilisation-V3.jpg","contentUrl":"https:\/\/www.abconservation.org\/wp-content\/uploads\/2024\/12\/Project_sensibilisation-V3.jpg"},{"@type":"BreadcrumbList","@id":"https:\/\/www.abconservation.org\/fr\/projets\/education-et-sensibilisation\/education-et-sensibilisation-aux-philippines\/#breadcrumb","itemListElement":[{"@type":"ListItem","position":1,"name":"ACCUEIL","item":"https:\/\/www.abconservation.org\/"},{"@type":"ListItem","position":2,"name":"PROJETS","item":"https:\/\/www.abconservation.org\/fr\/projets\/"},{"@type":"ListItem","position":3,"name":"EDUCATION ET SENSIBILISATION","item":"https:\/\/www.abconservation.org\/projets\/education-et-sensibilisation\/"},{"@type":"ListItem","position":4,"name":"EDUCATION ET SENSIBILISATION AUX PHILIPPINES"}]},{"@type":"WebSite","@id":"https:\/\/www.abconservation.org\/#website","url":"https:\/\/www.abconservation.org\/","name":"ABConservation","description":"Etudier, sensibiliser, prot\u00e9ger","publisher":{"@id":"https:\/\/www.abconservation.org\/#organization"},"potentialAction":[{"@type":"SearchAction","target":{"@type":"EntryPoint","urlTemplate":"https:\/\/www.abconservation.org\/?s={search_term_string}"},"query-input":{"@type":"PropertyValueSpecification","valueRequired":true,"valueName":"search_term_string"}}],"inLanguage":"fr-FR"},{"@type":"Organization","@id":"https:\/\/www.abconservation.org\/#organization","name":"ABConservation","url":"https:\/\/www.abconservation.org\/","logo":{"@type":"ImageObject","inLanguage":"fr-FR","@id":"https:\/\/www.abconservation.org\/#\/schema\/logo\/image\/","url":"https:\/\/www.abconservation.org\/wp-content\/uploads\/2024\/07\/cropped-abconservation-home3.png","contentUrl":"https:\/\/www.abconservation.org\/wp-content\/uploads\/2024\/07\/cropped-abconservation-home3.png","width":485,"height":134,"caption":"ABConservation"},"image":{"@id":"https:\/\/www.abconservation.org\/#\/schema\/logo\/image\/"},"sameAs":["https:\/\/www.facebook.com\/ABConservation","https:\/\/www.instagram.com\/abconservation\/","https:\/\/www.youtube.com\/channel\/UCXU_mrwJG4tK6NPGMlWJdsA","https:\/\/www.linkedin.com\/company\/arctictis-binturong-conservation"]}]}},"_links":{"self":[{"href":"https:\/\/www.abconservation.org\/fr\/wp-json\/wp\/v2\/pages\/2275","targetHints":{"allow":["GET"]}}],"collection":[{"href":"https:\/\/www.abconservation.org\/fr\/wp-json\/wp\/v2\/pages"}],"about":[{"href":"https:\/\/www.abconservation.org\/fr\/wp-json\/wp\/v2\/types\/page"}],"author":[{"embeddable":true,"href":"https:\/\/www.abconservation.org\/fr\/wp-json\/wp\/v2\/users\/1"}],"replies":[{"embeddable":true,"href":"https:\/\/www.abconservation.org\/fr\/wp-json\/wp\/v2\/comments?post=2275"}],"version-history":[{"count":139,"href":"https:\/\/www.abconservation.org\/fr\/wp-json\/wp\/v2\/pages\/2275\/revisions"}],"predecessor-version":[{"id":7509,"href":"https:\/\/www.abconservation.org\/fr\/wp-json\/wp\/v2\/pages\/2275\/revisions\/7509"}],"up":[{"embeddable":true,"href":"https:\/\/www.abconservation.org\/fr\/wp-json\/wp\/v2\/pages\/624"}],"wp:attachment":[{"href":"https:\/\/www.abconservation.org\/fr\/wp-json\/wp\/v2\/media?parent=2275"}],"curies":[{"name":"wp","href":"https:\/\/api.w.org\/{rel}","templated":true}]}}